                    {"id":111293,"date":"2019-11-11T07:38:13","date_gmt":"2019-11-11T07:38:13","guid":{"rendered":"http:\/\/thinkingfadura.eus\/?page_id=111293"},"modified":"2019-12-02T07:39:15","modified_gmt":"2019-12-02T07:39:15","slug":"fases","status":"publish","type":"page","link":"http:\/\/thinkingfadura.eus\/es\/fases\/","title":{"rendered":"Intinerario del proceso"},"content":{"rendered":"<p><i><span style=\"font-weight: 400;\">thinking Fadura<\/span><\/i><span style=\"font-weight: 400;\"> contempla tres fases para su desarrollo: una primera fase de <\/span><a href=\"http:\/\/thinkingfadura.eus\/fase1\/\"><b>diagn\u00f3stico del parque actual y sus instalaciones<\/b><\/a><span style=\"font-weight: 400;\">, una segunda fase de socializaci\u00f3n y activaci\u00f3n de la <\/span><a href=\"http:\/\/thinkingfadura.eus\/fase2\/\"><b>participaci\u00f3n ciudadana para la elaboraci\u00f3n del anteproyecto<\/b><\/a><span style=\"font-weight: 400;\"> del nuevo parque deportivo y una tercera fase de <\/span><a href=\"http:\/\/thinkingfadura.eus\/fase3\/\"><b>activaci\u00f3n de proyectos<\/b><\/a><span style=\"font-weight: 400;\"> resultantes del mencionado anteproyecto.<\/span><\/p>\n<p><!========= Cool Timeline PRO 3.2 =========><div style=\"opacity:0;\" \r\n    data-showposts=\"10\"\r\n     class=\"cool_timeline cool-timeline-wrapper compact-wrapper white-timeline-wrapper main-design-2\" \r\n     id=\"tm-compact-design-2-17\"  \r\n     data-pagination=\"no\"  \r\n     data-pagination-position=\"bottom\"><div class=\"avatar_container row\"><span title=\"thinking Fadura\"><img  class=\" center-block img-responsive img-circle\" alt=\"thinking Fadura\" src=\"http:\/\/thinkingfadura.eus\/wp-content\/uploads\/2019\/11\/logo_rojoazul-250x250.png\"><\/span><\/div> <div class=\"cool-timeline ultimate-style compact white-timeline\"><div  class=\"filter-preloaders\"><img src=\"http:\/\/thinkingfadura.eus\/wp-content\/plugins\/cool-timeline-pro\/\/assets\/images\/clt-compact-preloader.gif\"><\/div><div data-animations=\"fade-up\"  id=\"timeline-timeline-stories\" class=\"cooltimeline_cont  clearfix icons_yes\"><div id=\"ctl-compact-pro-7\" class=\"clt-compact-cont\"><div class=\"center-line\"><\/div><!-- .timeline-post-start--><div data-alternate=\"0\" id=\"story-113965\" class=\"timeline-post even light-grey-post icons_yes post-113965 timeline-mansory design-2-meta\"><span data-cls=\"sc-nv-design-2 white-timeline\" class=\"compact-year scrollable-section design-2-year\"data-section-title=\"2026\" id=\"year-2026\"><\/span><div   data-aos=\"fade-up\" class=\"timeline-icon icon-larger iconbg-turqoise icon-color-white design-2-icon\">\r\n                        <div class=\"icon-placeholder\"><i class=\"fa fa fa fa fa fa fa fa far fa-clock\"><\/i><\/div>\r\n                        <div class=\"timeline-bar\"><\/div>\r\n                    <\/div><div data-aos=\"fade-up\"  class=\"timeline-content  clearfix even  full design-2-content \"><div class=\"content-title clt-meta-date\">Feb 2026<\/div><div class=\"ctl_info event-description full\"><div class=\"content-details\"><h2 class=\"compact-content-title\">Fadura avanza: consolidaci\u00f3n participativa y arranque de grandes infraestructuras<\/h2><p><span style=\"font-weight: 400;\">En junio de 2025 se llevaron a cabo una <\/span><strong><a href=\"http:\/\/thinkingfadura.eus\/es\/alrededor-de-100-personas-han-participado-en-las-visitas-guiadas-para-conocer-el-proceso-de-transformacion-de-fadura\/\">serie de visitas guiadas dirigidas a personas abonadas<\/a><\/strong><span style=\"font-weight: 400;\">, en las que m\u00e1s de un centenar de usuarios\/as conocieron de primera mano los avances del proyecto y compartieron sus aportaciones con el equipo t\u00e9cnico e institucional. En paralelo, se celebran sesiones de contraste para definir t\u00e9cnicamente la futura cubierta de Pistas Multideportivas. En septiembre se validaron las <\/span><strong><a href=\"http:\/\/thinkingfadura.eus\/es\/emaitzak\/\">directrices para la ordenaci\u00f3n<\/a><\/strong><span style=\"font-weight: 400;\"> de las zonas al aire libre, que permiten coordinar con el \u00e1rea de Medio Ambiente el dise\u00f1o de un Paseo Bot\u00e1nico y nuevos itinerarios de fauna y flora. En el mes de octubre Thinking Fadura viaj\u00f3 a Barcelona para participar en el <\/span><strong><a href=\"http:\/\/thinkingfadura.eus\/es\/getxo-kirolak-presenta-thinking-fadura-en-el-congreso-de-innovacion-publica-novagob-2025\/\">Congreso de Innovaci\u00f3n P\u00fablica Novagob 2025<\/a><\/strong><span style=\"font-weight: 400;\">, el mayor encuentro sobre innovaci\u00f3n en la Administraci\u00f3n P\u00fablica en el \u00e1mbito espa\u00f1ol y latinoamericano, en el que participaron alrededor de 1.000 profesionales del sector p\u00fablico<\/span><\/p>\n<p><span style=\"font-weight: 400;\">En 2026 comienza la fase de implementaci\u00f3n del nuevo equipamiento de parkour y arrancan las primeras reflexiones para preparar el proceso social de frontones que tiene como prop\u00f3sito escuchar a los agentes involucrados para reorganizar estrat\u00e9gicamente la actividad en este equipamiento. Al mismo tiempo, se inician las labores para el acondicionamiento de la zona de petanca.<\/span><\/p>\n<p><img loading=\"lazy\" class=\"alignnone size-full wp-image-113921\" src=\"http:\/\/thinkingfadura.eus\/wp-content\/uploads\/2025\/06\/Post-visitas-guiadas.png\" alt=\"\" width=\"1200\" height=\"628\" srcset=\"http:\/\/thinkingfadura.eus\/wp-content\/uploads\/2025\/06\/Post-visitas-guiadas.png 1200w, http:\/\/thinkingfadura.eus\/wp-content\/uploads\/2025\/06\/Post-visitas-guiadas-400x209.png 400w, http:\/\/thinkingfadura.eus\/wp-content\/uploads\/2025\/06\/Post-visitas-guiadas-850x445.png 850w, http:\/\/thinkingfadura.eus\/wp-content\/uploads\/2025\/06\/Post-visitas-guiadas-768x402.png 768w, http:\/\/thinkingfadura.eus\/wp-content\/uploads\/2025\/06\/Post-visitas-guiadas-830x434.png 830w, http:\/\/thinkingfadura.eus\/wp-content\/uploads\/2025\/06\/Post-visitas-guiadas-230x120.png 230w, http:\/\/thinkingfadura.eus\/wp-content\/uploads\/2025\/06\/Post-visitas-guiadas-350x183.png 350w, http:\/\/thinkingfadura.eus\/wp-content\/uploads\/2025\/06\/Post-visitas-guiadas-480x251.png 480w\" sizes=\"(max-width: 1200px) 100vw, 1200px\" \/><\/p>\n<\/div><\/div><\/div><!-- timeline content --><\/div>\r\n        <!-- .timeline-post-end --><!-- .timeline-post-start--><div data-alternate=\"1\" id=\"story-113885\" class=\"timeline-post odd light-grey-post icons_yes post-113885 story-cat-82 timeline-mansory design-2-meta\"><span data-cls=\"sc-nv-design-2 white-timeline\" class=\"compact-year scrollable-section design-2-year\"data-section-title=\"2025\" id=\"year-2025\"><\/span><div   data-aos=\"fade-up\" class=\"timeline-icon icon-larger iconbg-turqoise icon-color-white design-2-icon\">\r\n                        <div class=\"icon-placeholder\"><i class=\"fa fa-clock-o\"><\/i><\/div>\r\n                        <div class=\"timeline-bar\"><\/div>\r\n                    <\/div><div data-aos=\"fade-up\"  class=\"timeline-content  clearfix odd  full design-2-content \"><div class=\"content-title clt-meta-date\">Abr 2025<\/div><div class=\"ctl_info event-description full\"><div class=\"content-details\"><h2 class=\"compact-content-title\">Fadura en plena transformaci\u00f3n: primer gran hito, nuevas mejoras y participaci\u00f3n<\/h2><p><span style=\"font-weight: 400;\">En diciembre de 2024 se celebr\u00f3 un <\/span><strong><a href=\"http:\/\/thinkingfadura.eus\/es\/encuentro-informativo-y-de-reflexion-con-clubes-y-entidades-deportivas\/\" target=\"_blank\" rel=\"noopener\">encuentro<\/a> con m\u00e1s de 40 representantes<\/strong><span style=\"font-weight: 400;\"><strong> de clubes deportivos<\/strong> para informar sobre el avance de los proyectos en el marco <\/span><i><span style=\"font-weight: 400;\">Thinking Fadura<\/span><\/i><span style=\"font-weight: 400;\">, compartir aprendizajes y reflexionar sobre la participaci\u00f3n en los propios clubes y entidades. Ese mismo mes, se instal\u00f3 en el <strong>hall del edificio central una exposici\u00f3n que muestra las actuaciones previstas<\/strong> para transformar el parque deportivo en un espacio m\u00e1s abierto, accesible, inclusivo, innovador, sostenible y saludable.<\/span><\/p>\n<p><span style=\"font-weight: 400;\">En enero de 2025 concluye la <strong>renovaci\u00f3n de la <\/strong><\/span><strong><a href=\"http:\/\/thinkingfadura.eus\/es\/getxo-kirolak-renueva-la-senalizacion-en-los-vestuarios-de-fadura-para-una-orientacion-mas-clara-e-inclusiva\/\">se\u00f1alizaci\u00f3n de los vestuarios<\/a><\/strong><span style=\"font-weight: 400;\"><strong> de las piscinas<\/strong>, que incluye un directorio general, se\u00f1alizaci\u00f3n direccional accesible, indicadores de entrada a espacios y marcadores en puertas. En febrero,<strong> se inaugura <\/strong><\/span><strong><a href=\"http:\/\/thinkingfadura.eus\/es\/getxo-kirolak-inaugura-tikitoki-zentroa-el-nuevo-espacio-social-y-deportivo-de-fadura\/\">TikiToki Zentroa<\/a><\/strong><span style=\"font-weight: 400;\">, el nuevo equipamiento construido en la antigua cervecera, y dise\u00f1ado de manera participativa, que acoge la actividad social de los clubes y un centro de innovaci\u00f3n para el sector deportivo. Finalmente, en abril, se <strong>renueva el mobiliario de la grada frente a la piscina<\/strong> de la segunda planta del edificio central utilizando materiales basados en el concepto <\/span><i><span style=\"font-weight: 400;\">upcycling<\/span><\/i><span style=\"font-weight: 400;\">, que promueve la reutilizaci\u00f3n y revalorizaci\u00f3n de recursos d\u00e1ndoles un nuevo uso con mayor valor, y se <strong>habilita una nueva rampa de acceso a la zona de estudio<\/strong>.<\/span><\/p>\n<p><img loading=\"lazy\" class=\"alignnone size-full wp-image-113888\" src=\"http:\/\/thinkingfadura.eus\/wp-content\/uploads\/2025\/04\/TikiToki-Zentroa-copia.jpg\" alt=\"\" width=\"1223\" height=\"792\" srcset=\"http:\/\/thinkingfadura.eus\/wp-content\/uploads\/2025\/04\/TikiToki-Zentroa-copia.jpg 1223w, http:\/\/thinkingfadura.eus\/wp-content\/uploads\/2025\/04\/TikiToki-Zentroa-copia-400x259.jpg 400w, http:\/\/thinkingfadura.eus\/wp-content\/uploads\/2025\/04\/TikiToki-Zentroa-copia-850x550.jpg 850w, http:\/\/thinkingfadura.eus\/wp-content\/uploads\/2025\/04\/TikiToki-Zentroa-copia-768x497.jpg 768w, http:\/\/thinkingfadura.eus\/wp-content\/uploads\/2025\/04\/TikiToki-Zentroa-copia-830x537.jpg 830w, http:\/\/thinkingfadura.eus\/wp-content\/uploads\/2025\/04\/TikiToki-Zentroa-copia-230x149.jpg 230w, http:\/\/thinkingfadura.eus\/wp-content\/uploads\/2025\/04\/TikiToki-Zentroa-copia-350x227.jpg 350w, http:\/\/thinkingfadura.eus\/wp-content\/uploads\/2025\/04\/TikiToki-Zentroa-copia-480x311.jpg 480w\" sizes=\"(max-width: 1223px) 100vw, 1223px\" \/><\/p>\n<\/div><\/div><\/div><!-- timeline content --><\/div>\r\n        <!-- .timeline-post-end --><!-- .timeline-post-start--><div data-alternate=\"2\" id=\"story-113730\" class=\"timeline-post even light-grey-post icons_yes post-113730 story-cat-82 timeline-mansory design-2-meta\"><span data-cls=\"sc-nv-design-2 white-timeline\" class=\"compact-year scrollable-section design-2-year\"data-section-title=\"2024\" id=\"year-2024\"><\/span><div   data-aos=\"fade-up\" class=\"timeline-icon icon-larger iconbg-turqoise icon-color-white design-2-icon\">\r\n                        <div class=\"icon-placeholder\"><i class=\"fa fa-clock-o\"><\/i><\/div>\r\n                        <div class=\"timeline-bar\"><\/div>\r\n                    <\/div><div data-aos=\"fade-up\"  class=\"timeline-content  clearfix even  full design-2-content \"><div class=\"content-title clt-meta-date\">Sep 2024<\/div><div class=\"ctl_info event-description full\"><div class=\"content-details\"><h2 class=\"compact-content-title\">Fadura apuesta por la renovaci\u00f3n urbana y la innovaci\u00f3n con nuevas obras y proyectos<\/h2><p>Durante el tercer trimestre de 2024, se completa la <strong>gu\u00eda de urbanizaci\u00f3n del parque<\/strong>, un documento clave que establece las directrices para reorganizar y naturalizar los espacios actuales y futuros en el parque. Esta gu\u00eda define elementos como la materialidad, la vegetaci\u00f3n, el tipo de pavimentaci\u00f3n, la iluminaci\u00f3n, el mobiliario y los cerramientos. En julio, se lleva a cabo un <strong>nuevo ejercicio de priorizaci\u00f3n de proyectos <\/strong>permitiendo ordenar las actuaciones en base a un an\u00e1lisis multicriterio que eval\u00faa la viabilidad econ\u00f3mica, social y medioambiental. En agosto, comienzan las <a href=\"http:\/\/thinkingfadura.eus\/es\/getxo-kirolak-saca-a-licitacion-el-reforzamiento-estructural-del-edificio-de-frontones-del-polideportivo-de-fadura\/\" target=\"_blank\" rel=\"noopener\"><strong>obras de refuerzo estructural del edificio de frontones<\/strong><\/a>, un paso fundamental para garantizar su seguridad antes de acometer su rehabilitaci\u00f3n integral, que incluir\u00e1 mejoras en las instalaciones y vestuarios. En septiembre <strong>concluye la primera fase de las obras en la planta baja de la antigua cervecera<\/strong>, el nuevo centro social y deportivo de Faura que cuenta con una superficie de 850 m\u00b2 \u00fatiles. Adem\u00e1s, durante este mismo mes, se <strong>inicia el acondicionamiento de la segunda planta del edificio<\/strong> que se convertir\u00e1 en un polo de innovaci\u00f3n para empresas vinculadas al sector deportivo.<\/p>\n<p><img loading=\"lazy\" class=\"alignnone wp-image-113731 size-full\" src=\"http:\/\/thinkingfadura.eus\/wp-content\/uploads\/2024\/09\/talde_eragilea.jpg\" alt=\"\" width=\"800\" height=\"600\" srcset=\"http:\/\/thinkingfadura.eus\/wp-content\/uploads\/2024\/09\/talde_eragilea.jpg 800w, http:\/\/thinkingfadura.eus\/wp-content\/uploads\/2024\/09\/talde_eragilea-400x300.jpg 400w, http:\/\/thinkingfadura.eus\/wp-content\/uploads\/2024\/09\/talde_eragilea-768x576.jpg 768w, http:\/\/thinkingfadura.eus\/wp-content\/uploads\/2024\/09\/talde_eragilea-230x173.jpg 230w, http:\/\/thinkingfadura.eus\/wp-content\/uploads\/2024\/09\/talde_eragilea-350x263.jpg 350w, http:\/\/thinkingfadura.eus\/wp-content\/uploads\/2024\/09\/talde_eragilea-480x360.jpg 480w\" sizes=\"(max-width: 800px) 100vw, 800px\" \/><\/p>\n<\/div><\/div><\/div><!-- timeline content --><\/div>\r\n        <!-- .timeline-post-end --><!-- .timeline-post-start--><div data-alternate=\"3\" id=\"story-113640\" class=\"timeline-post odd light-grey-post icons_yes post-113640 story-cat-82 timeline-mansory design-2-meta\"><div   data-aos=\"fade-up\" class=\"timeline-icon icon-larger iconbg-turqoise icon-color-white design-2-icon\">\r\n                        <div class=\"icon-placeholder\"><i class=\"fa fa-clock-o\"><\/i><\/div>\r\n                        <div class=\"timeline-bar\"><\/div>\r\n                    <\/div><div data-aos=\"fade-up\"  class=\"timeline-content  clearfix odd  full design-2-content \"><div class=\"content-title clt-meta-date\">Ene 2024<\/div><div class=\"ctl_info event-description full\"><div class=\"content-details\"><h2 class=\"compact-content-title\">thinking Fadura progresa con importantes proyectos de infraestructuras<\/h2><p>En enero de 2024, Getxo Kirolak saca a <strong><a href=\"http:\/\/thinkingfadura.eus\/es\/getxo-kirolak-saca-a-licitacion-el-reforzamiento-estructural-del-edificio-de-frontones-del-polideportivo-de-fadura\/\" target=\"_blank\" rel=\"noopener\">licitaci\u00f3n la obra para la rehabilitaci\u00f3n estructural del edificio de frontones<\/a>,<\/strong> con la posterior planificaci\u00f3n de hacer una reforma integral para satisfacer las necesidades deportivas actuales (instalaciones, vestuarios, etc\u00e9tera), as\u00ed como la reurbanizaci\u00f3n del \u00e1rea exterior del edificio.<\/p>\n<p>En marzo de 2024, se completa la <strong>primera edici\u00f3n del proyecto de se\u00f1al\u00e9tica<\/strong> para el conjunto del parque, estableciendo directrices para la se\u00f1alizaci\u00f3n de espacios exteriores e interiores en Fadura, comenzando por la planta baja del edificio principal de Fadura.<\/p>\n<p>En abril de 2024 <strong>arranca el proceso de contraste con ciudadan\u00eda y agentes<\/strong> implicados para determinar los usos y actividades del nuevo centro social y deportivo ubicado en la antigua cervecera.<img loading=\"lazy\" class=\"alignnone size-full wp-image-113641\" src=\"http:\/\/thinkingfadura.eus\/wp-content\/uploads\/2024\/03\/34010984531_9abb7b5575_c.jpg\" alt=\"\" width=\"800\" height=\"534\" srcset=\"http:\/\/thinkingfadura.eus\/wp-content\/uploads\/2024\/03\/34010984531_9abb7b5575_c.jpg 800w, http:\/\/thinkingfadura.eus\/wp-content\/uploads\/2024\/03\/34010984531_9abb7b5575_c-400x267.jpg 400w, http:\/\/thinkingfadura.eus\/wp-content\/uploads\/2024\/03\/34010984531_9abb7b5575_c-768x513.jpg 768w, http:\/\/thinkingfadura.eus\/wp-content\/uploads\/2024\/03\/34010984531_9abb7b5575_c-230x154.jpg 230w, http:\/\/thinkingfadura.eus\/wp-content\/uploads\/2024\/03\/34010984531_9abb7b5575_c-350x234.jpg 350w, http:\/\/thinkingfadura.eus\/wp-content\/uploads\/2024\/03\/34010984531_9abb7b5575_c-480x320.jpg 480w\" sizes=\"(max-width: 800px) 100vw, 800px\" \/><\/p>\n<p>&nbsp;<\/p>\n<\/div><\/div><\/div><!-- timeline content --><\/div>\r\n        <!-- .timeline-post-end --><!-- .timeline-post-start--><div data-alternate=\"4\" id=\"story-113639\" class=\"timeline-post even light-grey-post icons_yes post-113639 story-cat-82 timeline-mansory design-2-meta\"><div   data-aos=\"fade-up\" class=\"timeline-icon icon-larger iconbg-turqoise icon-color-white design-2-icon\">\r\n                        <div class=\"icon-placeholder\"><i class=\"fa fa-clock-o\"><\/i><\/div>\r\n                        <div class=\"timeline-bar\"><\/div>\r\n                    <\/div><div data-aos=\"fade-up\"  class=\"timeline-content  clearfix even  full design-2-content \"><div class=\"content-title clt-meta-date\">Abr 2023<\/div><div class=\"ctl_info event-description full\"><div class=\"content-details\"><h2 class=\"compact-content-title\">Renovaci\u00f3n sostenible en Fadura: integraci\u00f3n urbana y seguridad para una comunidad activa<\/h2><p>Durante el segundo trimestre de 2023, se elabora el proyecto de intervenci\u00f3n urban\u00edstica para <strong>reordenar las zonas de estacionamiento del edificio central, del edificio de frontones y del aparcamiento principal del parque<\/strong>, teniendo en cuenta la naturalizaci\u00f3n de los espacios y su integraci\u00f3n con el entorno.<\/p>\n<p>En junio de 2023, se activa un nuevo proyecto para continuar dise\u00f1ando la propuesta de <strong>mobiliario de ecodise\u00f1o<\/strong> (econom\u00eda circular) para la segunda planta del edificio central de Fadura.<\/p>\n<p>En octubre de 2023, se implementa un <strong>sistema de control de accesos<\/strong> en las zonas de atletismo, rugby y vel\u00f3dromo para ofrecer una mayor seguridad en los vestuarios y en las \u00e1reas comunes y de tr\u00e1nsito para los usuarios de estas instalaciones.<\/p>\n<p>A finales de 2023, se activa el proyecto de ejecuci\u00f3n para <strong>cubrir las canchas exteriores de baloncesto<\/strong>, ubicadas junto al edificio de la antigua cervecera, con el objetivo de intensificar su uso con la pr\u00e1ctica de esta modalidad, y de otras, otorg\u00e1ndoles una mayor versatilidad.<\/p>\n<p>En diciembre de 2023, concluye el proyecto que establece las <strong>directrices comunes para la urbanizaci\u00f3n del parque,<\/strong> proporcionando orientaciones claras sobre el mobiliario, la iluminaci\u00f3n, la pavimentaci\u00f3n y la vegetaci\u00f3n que se implementar\u00e1 en el parque.<\/p>\n<p>Durante los \u00faltimos d\u00edas del a\u00f1o 2023, <strong>dos casetas informativas<\/strong> ubicadas en el zona norte del parque de Fadura se transforman en un nuevo espacio comunicativo para dar a conocer los proyectos en marcha o priorizados para llevarlos a cabo lo antes posible.<\/p>\n<p><img loading=\"lazy\" class=\"alignnone size-full wp-image-113643\" src=\"http:\/\/thinkingfadura.eus\/wp-content\/uploads\/2024\/03\/35963963782_f3a4c793b9_c.jpg\" alt=\"\" width=\"800\" height=\"534\" srcset=\"http:\/\/thinkingfadura.eus\/wp-content\/uploads\/2024\/03\/35963963782_f3a4c793b9_c.jpg 800w, http:\/\/thinkingfadura.eus\/wp-content\/uploads\/2024\/03\/35963963782_f3a4c793b9_c-400x267.jpg 400w, http:\/\/thinkingfadura.eus\/wp-content\/uploads\/2024\/03\/35963963782_f3a4c793b9_c-768x513.jpg 768w, http:\/\/thinkingfadura.eus\/wp-content\/uploads\/2024\/03\/35963963782_f3a4c793b9_c-230x154.jpg 230w, http:\/\/thinkingfadura.eus\/wp-content\/uploads\/2024\/03\/35963963782_f3a4c793b9_c-350x234.jpg 350w, http:\/\/thinkingfadura.eus\/wp-content\/uploads\/2024\/03\/35963963782_f3a4c793b9_c-480x320.jpg 480w\" sizes=\"(max-width: 800px) 100vw, 800px\" \/><\/p>\n<\/div><\/div><\/div><!-- timeline content --><\/div>\r\n        <!-- .timeline-post-end --><!-- .timeline-post-start--><div data-alternate=\"5\" id=\"story-113638\" class=\"timeline-post odd light-grey-post icons_yes post-113638 story-cat-82 timeline-mansory design-2-meta\"><div   data-aos=\"fade-up\" class=\"timeline-icon icon-larger iconbg-turqoise icon-color-white design-2-icon\">\r\n                        <div class=\"icon-placeholder\"><i class=\"fa fa-clock-o\"><\/i><\/div>\r\n                        <div class=\"timeline-bar\"><\/div>\r\n                    <\/div><div data-aos=\"fade-up\"  class=\"timeline-content  clearfix odd  full design-2-content \"><div class=\"content-title clt-meta-date\">May 2022<\/div><div class=\"ctl_info event-description full\"><div class=\"content-details\"><h2 class=\"compact-content-title\">Fadura avanza hacia la sostenibilidad y la innovaci\u00f3n: nuevas instalaciones y servicios a medida de las personas abonadas y usuarias.<\/h2><p>En mayo de 2022, la zona de estudio del edificio principal de Fadura <a href=\"http:\/\/thinkingfadura.eus\/es\/fadurak-ekonomia-zirkularreko-altzariak-estreinatzen-ditu\/\"><strong>estrena mobiliario basado en los principios de la econom\u00eda circular<\/strong><\/a>, y dise\u00f1ado por medio de talleres participativos con personas usuarias.<\/p>\n<p>A finales de 2022, se inician las <a href=\"http:\/\/thinkingfadura.eus\/es\/el-nuevo-centro-social-y-deportivo-de-fadura-abrira-sus-puertas-a-finales-de-ano\/\" target=\"_blank\" rel=\"noopener\">obras del nuevo equipamiento en el antiguo edificio de la cervecera<\/a>. Este espacio, con 850 m2 \u00fatiles y 2.100 m2 de zona exterior, acoger\u00e1 la actividad deportiva y social de los clubes deportivos y ser\u00e1 un polo de innovaci\u00f3n en este sector.<\/p>\n<p>En enero de 2023, se implementa el <strong><a href=\"http:\/\/thinkingfadura.eus\/es\/bizikletak-eta-patineteak-aparkatzeko-sistema-berria-faduran\/\" target=\"_blank\" rel=\"noopener\">primer prototipo del nuevo sistema de aparcamiento para bicicletas y patinetes<\/a><\/strong> en el edificio principal de Fadura. Este sistema se desarroll\u00f3 tras un proceso de escucha de necesidades de las personas usuarias, personal de Getxo Kirolak y personas expertas en la materia.<\/p>\n<p>En febrero de 2023, se activa la redacci\u00f3n de los proyectos de obra y de ejecuci\u00f3n para la rehabilitaci\u00f3n del edificio de gradas de atletismo, rugby y vel\u00f3dromo. La ampliaci\u00f3n permitir\u00e1 incrementar el n\u00famero de salas, oficinas, zona de almacenaje o nuevos vestuarios, al tiempo que ofrecer\u00e1 una mayor comodidad y protecci\u00f3n al p\u00fablico del grader\u00edo frente a las inclemencias del tiempo. Partiendo del trabajo ya realizado en el proceso participativo, se ha realizado un contraste con los agentes implicados para ver con mayor detalle los requisitos que deben cumplir los pliegos de licitaci\u00f3n del proyecto de obra para acometer esta intervenci\u00f3n.<\/p>\n<p><img loading=\"lazy\" class=\"alignnone size-full wp-image-113040\" src=\"http:\/\/thinkingfadura.eus\/wp-content\/uploads\/2024\/01\/arbol-tf.jpg\" alt=\"\" width=\"1920\" height=\"1080\" srcset=\"http:\/\/thinkingfadura.eus\/wp-content\/uploads\/2024\/01\/arbol-tf.jpg 1920w, http:\/\/thinkingfadura.eus\/wp-content\/uploads\/2024\/01\/arbol-tf-400x225.jpg 400w, http:\/\/thinkingfadura.eus\/wp-content\/uploads\/2024\/01\/arbol-tf-850x478.jpg 850w, http:\/\/thinkingfadura.eus\/wp-content\/uploads\/2024\/01\/arbol-tf-768x432.jpg 768w, http:\/\/thinkingfadura.eus\/wp-content\/uploads\/2024\/01\/arbol-tf-1536x864.jpg 1536w, http:\/\/thinkingfadura.eus\/wp-content\/uploads\/2024\/01\/arbol-tf-830x467.jpg 830w, http:\/\/thinkingfadura.eus\/wp-content\/uploads\/2024\/01\/arbol-tf-230x129.jpg 230w, http:\/\/thinkingfadura.eus\/wp-content\/uploads\/2024\/01\/arbol-tf-350x197.jpg 350w, http:\/\/thinkingfadura.eus\/wp-content\/uploads\/2024\/01\/arbol-tf-480x270.jpg 480w\" sizes=\"(max-width: 1920px) 100vw, 1920px\" \/><\/p>\n<\/div><\/div><\/div><!-- timeline content --><\/div>\r\n        <!-- .timeline-post-end --><!-- .timeline-post-start--><div data-alternate=\"6\" id=\"story-112632\" class=\"timeline-post even light-grey-post icons_yes post-112632 story-cat-82 timeline-mansory design-2-meta\"><span data-cls=\"sc-nv-design-2 white-timeline\" class=\"compact-year scrollable-section design-2-year\"data-section-title=\"2022\" id=\"year-2022\"><\/span><div   data-aos=\"fade-up\" class=\"timeline-icon icon-larger iconbg-turqoise icon-color-white design-2-icon\">\r\n                        <div class=\"icon-placeholder\"><i class=\"fa fa-clock-o\"><\/i><\/div>\r\n                        <div class=\"timeline-bar\"><\/div>\r\n                    <\/div><div data-aos=\"fade-up\"  class=\"timeline-content  clearfix even  full design-2-content \"><div class=\"content-title clt-meta-date\">Mar 2022<\/div><div class=\"ctl_info event-description full\"><div class=\"content-details\"><h2 class=\"compact-content-title\">Inicio de proyectos transversales que dar\u00e1n forma al nuevo dise\u00f1o del parque deportivo<\/h2><p>En junio de 2021, se realiza un estudio para evaluar el valor arquitect\u00f3nico del edificio de la casa club del campo de f\u00fatbol de Fadura, un paso previo e indispensable para avanzar en un futuro proyecto de obra para el <strong>estadio municipal<\/strong> que sustituir\u00e1 el actual campo de f\u00fatbol.<\/p>\n<p>A finales del 2021, se inicia un proceso participativo para plantear las soluciones de aparcamiento para <strong>bicicletas y patinetes<\/strong> en el parque deportivo de Fadura.<\/p>\n<p>Arrancamos enero de 2022 con un proyecto de se\u00f1al\u00e9tica para dotar al conjunto del parque deportivo de unas pautas comunes a la hora de establecer las indicaciones visuales del uso de los espacios. Ese proyecto debe tener en cuenta aspectos relacionados con la diversidad cognitiva y funcional, as\u00ed como aquellas cuestiones relacionadas con las identidades vinculadas al g\u00e9nero.<\/p>\n<p>En este periodo de tiempo se activa tambi\u00e9n un proyecto para la definici\u00f3n de las directrices y los aspectos b\u00e1sicos a tener en cuenta en la <strong>ordenaci\u00f3n del parque deportivo de Fadura<\/strong> desde el punto de vista de dise\u00f1o paisaj\u00edstico, est\u00e9tico y de percepci\u00f3n espacial del conjunto.<\/p>\n<p>En mayo de 2022, se disponen los primeros elementos del <strong>mobiliario, fabricado bajo los par\u00e1metros de la econom\u00eda circular<\/strong>, en la zona de estudio de la segunda planta del edificio principal de Fadura. Este mobiliario ha sido <a href=\"http:\/\/thinkingfadura.eus\/es\/ekodiseinua-planoak-eta-diseinuak\/\" target=\"_blank\" rel=\"noopener\">dise\u00f1ado por medio de un proceso participativo desarrollado durante la pandemia<\/a>, con todas las garant\u00edas sanitarias y de seguridad. Es un primer paso, al que seguir\u00e1n otros, para introducir las l\u00f3gicas de la econom\u00eda circular en las acciones y proyectos desarrollados en <em>thinking Fadura<\/em>.<br \/>\n<img loading=\"lazy\" src=\"http:\/\/thinkingfadura.eus\/wp-content\/uploads\/2022\/05\/33984010852_a2967f82f0_c.jpg\" alt=\"\" width=\"800\" height=\"534\" class=\"aligncenter size-full wp-image-112633\" srcset=\"http:\/\/thinkingfadura.eus\/wp-content\/uploads\/2022\/05\/33984010852_a2967f82f0_c.jpg 800w, http:\/\/thinkingfadura.eus\/wp-content\/uploads\/2022\/05\/33984010852_a2967f82f0_c-400x267.jpg 400w, http:\/\/thinkingfadura.eus\/wp-content\/uploads\/2022\/05\/33984010852_a2967f82f0_c-768x513.jpg 768w, http:\/\/thinkingfadura.eus\/wp-content\/uploads\/2022\/05\/33984010852_a2967f82f0_c-230x154.jpg 230w, http:\/\/thinkingfadura.eus\/wp-content\/uploads\/2022\/05\/33984010852_a2967f82f0_c-350x234.jpg 350w, http:\/\/thinkingfadura.eus\/wp-content\/uploads\/2022\/05\/33984010852_a2967f82f0_c-480x320.jpg 480w\" sizes=\"(max-width: 800px) 100vw, 800px\" \/><\/p>\n<\/div><\/div><\/div><!-- timeline content --><\/div>\r\n        <!-- .timeline-post-end --><!-- .timeline-post-start--><div data-alternate=\"7\" id=\"story-112474\" class=\"timeline-post odd light-grey-post icons_yes post-112474 story-cat-82 timeline-mansory design-2-meta\"><span data-cls=\"sc-nv-design-2 white-timeline\" class=\"compact-year scrollable-section design-2-year\"data-section-title=\"2021\" id=\"year-2021\"><\/span><div   data-aos=\"fade-up\" class=\"timeline-icon icon-larger iconbg-turqoise icon-color-white design-2-icon\">\r\n                        <div class=\"icon-placeholder\"><i class=\"fa fa-clock-o\"><\/i><\/div>\r\n                        <div class=\"timeline-bar\"><\/div>\r\n                    <\/div><div data-aos=\"fade-up\"  class=\"timeline-content  clearfix odd  full design-2-content \"><div class=\"content-title clt-meta-date\">Mar 2021<\/div><div class=\"ctl_info event-description full\"><div class=\"content-details\"><h2 class=\"compact-content-title\">Proyecto Cervecera, refuerzo estructural de frontones y laboratorio ciudadano para edificio recta atletismo y edificio gradas<\/h2><p>A comienzos de 2021, se actualiza la <a href=\"https:\/\/www.google.com\/url?q=http:\/\/thinkingfadura.eus\/es\/thinking-fadura-se-adapta-al-nuevo-contexto\/&amp;sa=D&amp;source=editors&amp;ust=1619450087879000&amp;usg=AOvVaw2636r-hyT04VHfycX32509\" target=\"_blank\" rel=\"noopener\">tabla de proyectos<\/a> y actuaciones a realizar durante el a\u00f1o en curso, ajust\u00e1ndola al contexto de pandemia.<\/p>\n<p>Tras meses de espera, se obtiene el visto bueno de la Agencia Vasca del Agua (URA) para avanzar con los pliegos del proyecto de obra del nuevo edificio multiusos y centro social que se edificar\u00e1 en lugar de la <a href=\"http:\/\/thinkingfadura.eus\/es\/lfadurako-garagardotegi-zaharraren-proiektua\/\" target=\"_blank\" rel=\"noopener\">antigua cervecera<\/a>, cuyo inicio de obras est\u00e1 previsto para el \u00faltimo trimestre de 2022.<\/p>\n<p>Se licita el proyecto para el reforzamiento estructural de los frontones, un proyecto necesario para poder acometer una siguiente fase de renovaci\u00f3n y dar as\u00ed respuesta a las necesidades deportivas recogidas durante el proceso participativo de 2018.<\/p>\n<p>Entre marzo y abril se lleva a cabo un laboratorio ciudadano para contrastar los usos y necesidades del nuevo edificio de recta de atletismo cubierta y del edificio de gradas y vestuarios con los agentes implicados. Los resultados obtenidos quedan reflejados en los pliegos de licitaci\u00f3n para la ejecuci\u00f3n de los proyectos de obra.<\/p>\n<p><img loading=\"lazy\" class=\"aligncenter size-full wp-image-112034\" src=\"http:\/\/thinkingfadura.eus\/wp-content\/uploads\/2020\/01\/Proyecto-cervecera_fotos.png\" alt=\"\" width=\"1920\" height=\"1080\" srcset=\"http:\/\/thinkingfadura.eus\/wp-content\/uploads\/2020\/01\/Proyecto-cervecera_fotos.png 1920w, http:\/\/thinkingfadura.eus\/wp-content\/uploads\/2020\/01\/Proyecto-cervecera_fotos-400x225.png 400w, http:\/\/thinkingfadura.eus\/wp-content\/uploads\/2020\/01\/Proyecto-cervecera_fotos-768x432.png 768w, http:\/\/thinkingfadura.eus\/wp-content\/uploads\/2020\/01\/Proyecto-cervecera_fotos-850x478.png 850w, http:\/\/thinkingfadura.eus\/wp-content\/uploads\/2020\/01\/Proyecto-cervecera_fotos-830x467.png 830w, http:\/\/thinkingfadura.eus\/wp-content\/uploads\/2020\/01\/Proyecto-cervecera_fotos-230x129.png 230w, http:\/\/thinkingfadura.eus\/wp-content\/uploads\/2020\/01\/Proyecto-cervecera_fotos-350x197.png 350w, http:\/\/thinkingfadura.eus\/wp-content\/uploads\/2020\/01\/Proyecto-cervecera_fotos-480x270.png 480w\" sizes=\"(max-width: 1920px) 100vw, 1920px\" \/><\/p>\n<\/div><\/div><\/div><!-- timeline content --><\/div>\r\n        <!-- .timeline-post-end --><!-- .timeline-post-start--><div data-alternate=\"8\" id=\"story-112475\" class=\"timeline-post even light-grey-post icons_yes post-112475 story-cat-82 timeline-mansory design-2-meta\"><div   data-aos=\"fade-up\" class=\"timeline-icon icon-larger iconbg-turqoise icon-color-white design-2-icon\">\r\n                        <div class=\"icon-placeholder\"><i class=\"fa fa-clock-o\"><\/i><\/div>\r\n                        <div class=\"timeline-bar\"><\/div>\r\n                    <\/div><div data-aos=\"fade-up\"  class=\"timeline-content  clearfix even  full design-2-content \"><div class=\"content-title clt-meta-date\">Jul 2020<\/div><div class=\"ctl_info event-description full\"><div class=\"content-details\"><h2 class=\"compact-content-title\">La Covid-19, OGP y proceso participativo para el dise\u00f1o de mobiliario<\/h2><p>La llegada de la Covid-19 obliga a modificar la planificaci\u00f3n de proyectos; desde marzo hasta julio de 2020, <em>thinking Fadura<\/em> se centra en avanzar en temas internos. As\u00ed, el trabajo metodol\u00f3gico de priorizaci\u00f3n y la evaluaci\u00f3n del impacto de la participaci\u00f3n ciudadana, desde el punto de vista de la estructura interna de la Administraci\u00f3n P\u00fablica, fue seleccionado por la <a href=\"https:\/\/www.ogp.euskadi.eus\/inicio\/\" target=\"_blank\" rel=\"noopener\">Alianza Internacional para el Gobierno Abierto (OGP)<\/a> y el Gobierno Vasco, como uno de los 4 proyectos seleccionados como buena pr\u00e1ctica por estas dos instituciones en el \u00e1mbito vasco.<\/p>\n<p>Al mismo tiempo, se reanuda y finaliza el proceso participativo para el <a href=\"http:\/\/thinkingfadura.eus\/es\/codiseno-y-economia-circular-en-fadura\/\" target=\"_blank\" rel=\"noopener\">dise\u00f1o del mobiliario de la zona de estudio del edificio central de Fadura<\/a> bajo criterios de econom\u00eda circular.<br \/>\n<img loading=\"lazy\" class=\"aligncenter size-full wp-image-112347\" src=\"http:\/\/thinkingfadura.eus\/wp-content\/uploads\/2020\/07\/EconomiaCircurlarII.png\" alt=\"\" width=\"2500\" height=\"1875\" srcset=\"http:\/\/thinkingfadura.eus\/wp-content\/uploads\/2020\/07\/EconomiaCircurlarII.png 2500w, http:\/\/thinkingfadura.eus\/wp-content\/uploads\/2020\/07\/EconomiaCircurlarII-400x300.png 400w, http:\/\/thinkingfadura.eus\/wp-content\/uploads\/2020\/07\/EconomiaCircurlarII-768x576.png 768w, http:\/\/thinkingfadura.eus\/wp-content\/uploads\/2020\/07\/EconomiaCircurlarII-850x638.png 850w, http:\/\/thinkingfadura.eus\/wp-content\/uploads\/2020\/07\/EconomiaCircurlarII-830x623.png 830w, http:\/\/thinkingfadura.eus\/wp-content\/uploads\/2020\/07\/EconomiaCircurlarII-230x173.png 230w, http:\/\/thinkingfadura.eus\/wp-content\/uploads\/2020\/07\/EconomiaCircurlarII-350x263.png 350w, http:\/\/thinkingfadura.eus\/wp-content\/uploads\/2020\/07\/EconomiaCircurlarII-480x360.png 480w\" sizes=\"(max-width: 2500px) 100vw, 2500px\" \/><\/p>\n<\/div><\/div><\/div><!-- timeline content --><\/div>\r\n        <!-- .timeline-post-end --><!-- .timeline-post-start--><div data-alternate=\"9\" id=\"story-111276\" class=\"timeline-post odd light-grey-post icons_yes post-111276 story-cat-82 timeline-mansory design-2-meta\"><span data-cls=\"sc-nv-design-2 white-timeline\" class=\"compact-year scrollable-section design-2-year\"data-section-title=\"2019\" id=\"year-2019\"><\/span><div   data-aos=\"fade-up\" class=\"timeline-icon icon-larger iconbg-turqoise icon-color-white design-2-icon\">\r\n                        <div class=\"icon-placeholder\"><i class=\"fa fa-clock-o\"><\/i><\/div>\r\n                        <div class=\"timeline-bar\"><\/div>\r\n                    <\/div><div data-aos=\"fade-up\"  class=\"timeline-content  clearfix odd  full design-2-content \"><div class=\"content-title clt-meta-date\">Dic 2019<\/div><div class=\"ctl_info event-description full\"><div class=\"content-details\"><h2 class=\"compact-content-title\">Activaci\u00f3n de proyectos<\/h2><p><span style=\"font-weight: 400;\">Esta <a href=\"http:\/\/thinkingfadura.eus\/fase3\/\">fase<\/a>, continua con la activaci\u00f3n de proyectos para la ejecuci\u00f3n de las actuaciones descritas en el <a href=\"http:\/\/thinkingfadura.eus\/thinking-fadura-aurreproiektua\/\">anteproyecto<\/a> del nuevo parque deportivo, as\u00ed como cuestiones relacionadas con la gesti\u00f3n y gobernanza detectadas en el proceso participativo.<\/span><br \/>\n<img class=\"aligncenter size-full wp-image-111277\" src=\"http:\/\/thinkingfadura.eus\/wp-content\/uploads\/2019\/11\/propuestas.png\" alt=\"\" width=\"100%\" srcset=\"http:\/\/thinkingfadura.eus\/wp-content\/uploads\/2019\/11\/propuestas.png 2943w, http:\/\/thinkingfadura.eus\/wp-content\/uploads\/2019\/11\/propuestas-400x253.png 400w, http:\/\/thinkingfadura.eus\/wp-content\/uploads\/2019\/11\/propuestas-768x485.png 768w, http:\/\/thinkingfadura.eus\/wp-content\/uploads\/2019\/11\/propuestas-850x537.png 850w, http:\/\/thinkingfadura.eus\/wp-content\/uploads\/2019\/11\/propuestas-830x524.png 830w, http:\/\/thinkingfadura.eus\/wp-content\/uploads\/2019\/11\/propuestas-230x145.png 230w, http:\/\/thinkingfadura.eus\/wp-content\/uploads\/2019\/11\/propuestas-350x221.png 350w, http:\/\/thinkingfadura.eus\/wp-content\/uploads\/2019\/11\/propuestas-480x303.png 480w\" sizes=\"(max-width: 2943px) 100vw, 2943px\" \/><\/p>\n<\/div><\/div><\/div><!-- timeline content --><\/div>\r\n        <!-- .timeline-post-end --><div  class=\"end-timeline clearfix\"><\/div><\/div><\/div><\/div><\/div>  <!-- end\r\n================================================== --><style type=\"text\/css\"><\/style><\/p>","protected":false},"excerpt":{"rendered":"<p>thinking Fadura contempla tres fases para su desarrollo: una primera fase de diagn\u00f3stico del parque actual y sus instalaciones, una segunda fase de socializaci\u00f3n y activaci\u00f3n de la participaci\u00f3n ciudadana para la elaboraci\u00f3n del anteproyecto del nuevo parque deportivo y una tercera fase de activaci\u00f3n de proyectos resultantes del mencionado anteproyecto.<\/p>\n","protected":false},"author":1,"featured_media":0,"parent":0,"menu_order":0,"comment_status":"closed","ping_status":"closed","template":"page-templates\/page_fullwidth.php","meta":{"_exactmetrics_skip_tracking":false,"_exactmetrics_sitenote_active":false,"_exactmetrics_sitenote_note":"","_exactmetrics_sitenote_category":0},"_links":{"self":[{"href":"http:\/\/thinkingfadura.eus\/es\/wp-json\/wp\/v2\/pages\/111293"}],"collection":[{"href":"http:\/\/thinkingfadura.eus\/es\/wp-json\/wp\/v2\/pages"}],"about":[{"href":"http:\/\/thinkingfadura.eus\/es\/wp-json\/wp\/v2\/types\/page"}],"author":[{"embeddable":true,"href":"http:\/\/thinkingfadura.eus\/es\/wp-json\/wp\/v2\/users\/1"}],"replies":[{"embeddable":true,"href":"http:\/\/thinkingfadura.eus\/es\/wp-json\/wp\/v2\/comments?post=111293"}],"version-history":[{"count":16,"href":"http:\/\/thinkingfadura.eus\/es\/wp-json\/wp\/v2\/pages\/111293\/revisions"}],"predecessor-version":[{"id":113964,"href":"http:\/\/thinkingfadura.eus\/es\/wp-json\/wp\/v2\/pages\/111293\/revisions\/113964"}],"wp:attachment":[{"href":"http:\/\/thinkingfadura.eus\/es\/wp-json\/wp\/v2\/media?parent=111293"}],"curies":[{"name":"wp","href":"https:\/\/api.w.org\/{rel}","templated":true}]}}