{"id":111291,"date":"2019-11-11T07:35:45","date_gmt":"2019-11-11T07:35:45","guid":{"rendered":"http:\/\/thinkingfadura.eus\/?page_id=111291"},"modified":"2024-10-03T06:53:03","modified_gmt":"2024-10-03T06:53:03","slug":"proyectos","status":"publish","type":"page","link":"http:\/\/thinkingfadura.eus\/es\/proyectos\/","title":{"rendered":"Proyectos"},"content":{"rendered":"<p>A lo largo del proceso participativo se han recogido 1.879 aportaciones que, tras un proceso de s\u00edntesis, ha dado como resultado un total de 218 propuestas de actuaci\u00f3n. Atendiendo a la tipolog\u00eda de la propuesta, el 50% se refieren a actuaciones f\u00edsicas, el 30% tienen que ver con la gesti\u00f3n del parque y sus instalaciones y el 20% restante hacen referencia a aspectos sobre la gobernanza.<\/p>\n<p>Las intervenciones f\u00edsicas que se proponen tras el proceso participativo contienen, por un lado, <b>soluciones transversales<\/b><span style=\"font-weight: 400;\">, es decir, las que que afectan a la globalidad del proyecto y definen su car\u00e1cter abierto y la interrelaci\u00f3n entre los diferentes usos: l\u00edmites y accesos del parque e instalaciones, seguridad integral (seguridad, protecci\u00f3n y conectividad), movilidad sostenible y accesibilidad universal, as\u00ed como los aspectos relativos a la gesti\u00f3n y a la gobernanza.<\/span><\/p>\n<p>Por otro lado, contiene las <b>soluciones por espacios<\/b><span style=\"font-weight: 400;\">, es decir, las que afectan a cada uno de los espacios del nuevo parque deportivo: parque fluvial; edificio principal; piscinas exteriores; cervecera, herri kirolak y nuevo acceso; edificio frontones; pistas de tenis; atletismo, rugby, hockey y multiusos; estadio de f\u00fatbol y campos de f\u00fatbol de Bolue.<\/span><\/p>\n<p>A continuaci\u00f3n presentamos la lista de proyectos resultantes una vez agrupadas las diferentes propuestas de actuaci\u00f3n obtenidas del proceso participativo. Esta lista de proyectos ser\u00e1 actualizada en cada ejercicio de valoraci\u00f3n, tal y como se indica en la <a href=\"http:\/\/thinkingfadura.eus\/es\/como-se-seleccionan-y-ejecutan-las-actuaciones-que-transformaran-fadura\/\" target=\"_blank\" rel=\"noopener\">Metodolog\u00eda de priorizaci\u00f3n de proyectos<\/a>.<\/p>\n<p><strong>Los proyectos que tienen resultado 0 significa que su desarrollo est\u00e1 condicionado a otros proyectos o a cuestiones previas que deben ser resueltas.<\/strong><\/p>\n<div class=\"leaflet-map WPLeafletMap\" style=\"height:500px; width:100%;\"><\/div><script>\nwindow.WPLeafletMapPlugin = window.WPLeafletMapPlugin || [];\nwindow.WPLeafletMapPlugin.push(function WPLeafletMapShortcode() {\/*<script>*\/\nvar baseUrl = atob('aHR0cHM6Ly97c30udGlsZS5vcGVuc3RyZWV0bWFwLm9yZy97en0ve3h9L3t5fS5wbmc=');\nvar base = (!baseUrl && window.MQ) ?\n    window.MQ.mapLayer() : L.tileLayer(baseUrl,\n        L.Util.extend({}, {\n            detectRetina: 0,\n        },\n        {\"subdomains\":\"abc\",\"noWrap\":false,\"maxZoom\":19}        )\n    );\n    var options = L.Util.extend({}, {\n        layers: [base],\n        attributionControl: false\n    },\n    {\"zoomControl\":true,\"scrollWheelZoom\":false,\"doubleClickZoom\":false,\"fitBounds\":false,\"minZoom\":0,\"maxZoom\":19,\"maxBounds\":null,\"attribution\":\"<a href=\\\"http:\\\/\\\/leafletjs.com\\\" title=\\\"Una biblioteca JS para mapas interactivos\\\">Leaflet<\\\/a>; \\u00a9 <a href=\\\"http:\\\/\\\/www.openstreetmap.org\\\/copyright\\\">OpenStreetMap<\\\/a> colaboradores\"},\n    {});\nwindow.WPLeafletMapPlugin.createMap(options).setView([43.349967,-2.999641],16);});<\/script>\r\n\r\n\r\n\r\n<script>\nwindow.WPLeafletMapPlugin = window.WPLeafletMapPlugin || [];\nwindow.WPLeafletMapPlugin.push(function WPLeafletMarkerShortcode() {\/*<script>*\/\nvar map = window.WPLeafletMapPlugin.getCurrentMap();\nvar group = window.WPLeafletMapPlugin.getCurrentGroup();\nvar marker_options = window.WPLeafletMapPlugin.getIconOptions({\"iconUrl\":\"http:\\\/\\\/thinkingfadura.eus\\\/wp-content\\\/uploads\\\/localizacion.png\",\"iconAnchor\":\"40,60\"});\nvar marker = L.marker(\n    [43.34764,-2.997755],\n    marker_options\n);\nvar is_image = map.is_image_map;\nif (marker_options.draggable) {\n    marker.on('dragend', function () {\n        var latlng = this.getLatLng();\n        var lat = latlng.lat;\n        var lng = latlng.lng;\n        if (is_image) {\n            console.log('leaflet-marker y=' + lat + ' x=' + lng);\n        } else {\n            console.log('leaflet-marker lat=' + lat + ' lng=' + lng);\n        }\n    });\n}\nmarker.addTo( group );\nmarker.bindPopup(window.WPLeafletMapPlugin.unescape('&lt;a href=\\&quot;http:\/\/thinkingfadura.eus\/proyecto\/23\\&quot;&gt;BOLUE&lt;\/a&gt;'));window.WPLeafletMapPlugin.markers.push( marker );\n        });<\/script>\r\n<script>\nwindow.WPLeafletMapPlugin = window.WPLeafletMapPlugin || [];\nwindow.WPLeafletMapPlugin.push(function WPLeafletMarkerShortcode() {\/*<script>*\/\nvar map = window.WPLeafletMapPlugin.getCurrentMap();\nvar group = window.WPLeafletMapPlugin.getCurrentGroup();\nvar marker_options = window.WPLeafletMapPlugin.getIconOptions({\"iconUrl\":\"http:\\\/\\\/thinkingfadura.eus\\\/wp-content\\\/uploads\\\/localizacion.png\",\"iconAnchor\":\"40,60\"});\nvar marker = L.marker(\n    [43.362932,-3.017229],\n    marker_options\n);\nvar is_image = map.is_image_map;\nif (marker_options.draggable) {\n    marker.on('dragend', function () {\n        var latlng = this.getLatLng();\n        var lat = latlng.lat;\n        var lng = latlng.lng;\n        if (is_image) {\n            console.log('leaflet-marker y=' + lat + ' x=' + lng);\n        } else {\n            console.log('leaflet-marker lat=' + lat + ' lng=' + lng);\n        }\n    });\n}\nmarker.addTo( group );\nmarker.bindPopup(window.WPLeafletMapPlugin.unescape('&lt;a href=\\&quot;http:\/\/thinkingfadura.eus\/proyecto\/13\\&quot;&gt;HERRI KIROLAK&lt;\/a&gt;'));window.WPLeafletMapPlugin.markers.push( marker );\n        });<\/script>\r\n<script>\nwindow.WPLeafletMapPlugin = window.WPLeafletMapPlugin || [];\nwindow.WPLeafletMapPlugin.push(function WPLeafletMarkerShortcode() {\/*<script>*\/\nvar map = window.WPLeafletMapPlugin.getCurrentMap();\nvar group = window.WPLeafletMapPlugin.getCurrentGroup();\nvar marker_options = window.WPLeafletMapPlugin.getIconOptions({\"iconUrl\":\"http:\\\/\\\/thinkingfadura.eus\\\/wp-content\\\/uploads\\\/localizacion.png\",\"iconAnchor\":\"40,60\"});\nvar marker = L.marker(\n    [43.351708,-3.002311],\n    marker_options\n);\nvar is_image = map.is_image_map;\nif (marker_options.draggable) {\n    marker.on('dragend', function () {\n        var latlng = this.getLatLng();\n        var lat = latlng.lat;\n        var lng = latlng.lng;\n        if (is_image) {\n            console.log('leaflet-marker y=' + lat + ' x=' + lng);\n        } else {\n            console.log('leaflet-marker lat=' + lat + ' lng=' + lng);\n        }\n    });\n}\nmarker.addTo( group );\nmarker.bindPopup(window.WPLeafletMapPlugin.unescape('&lt;a href=\\&quot;http:\/\/thinkingfadura.eus\/proyecto\/nuevo-edificio-tenis-padel\\&quot;&gt;NUEVO PABELL\u00d3N DE TENIS\/P\u00c1DEL&lt;\/a&gt;'));window.WPLeafletMapPlugin.markers.push( marker );\n        });<\/script>\r\n<script>\nwindow.WPLeafletMapPlugin = window.WPLeafletMapPlugin || [];\nwindow.WPLeafletMapPlugin.push(function WPLeafletMarkerShortcode() {\/*<script>*\/\nvar map = window.WPLeafletMapPlugin.getCurrentMap();\nvar group = window.WPLeafletMapPlugin.getCurrentGroup();\nvar marker_options = window.WPLeafletMapPlugin.getIconOptions({\"iconUrl\":\"http:\\\/\\\/thinkingfadura.eus\\\/wp-content\\\/uploads\\\/localizacion.png\",\"iconAnchor\":\"40,60\"});\nvar marker = L.marker(\n    [43.348784,-2.999043],\n    marker_options\n);\nvar is_image = map.is_image_map;\nif (marker_options.draggable) {\n    marker.on('dragend', function () {\n        var latlng = this.getLatLng();\n        var lat = latlng.lat;\n        var lng = latlng.lng;\n        if (is_image) {\n            console.log('leaflet-marker y=' + lat + ' x=' + lng);\n        } else {\n            console.log('leaflet-marker lat=' + lat + ' lng=' + lng);\n        }\n    });\n}\nmarker.addTo( group );\nmarker.bindPopup(window.WPLeafletMapPlugin.unescape('&lt;a href=\\&quot;http:\/\/thinkingfadura.eus\/proyecto\/espacios-al-aire-libre-centrales\\&quot;&gt;ORDENACI\u00d3N DE ZONAS AL AIRE LIBRE CENTRALES&lt;\/a&gt;'));window.WPLeafletMapPlugin.markers.push( marker );\n        });<\/script>\r\n<script>\nwindow.WPLeafletMapPlugin = window.WPLeafletMapPlugin || [];\nwindow.WPLeafletMapPlugin.push(function WPLeafletMarkerShortcode() {\/*<script>*\/\nvar map = window.WPLeafletMapPlugin.getCurrentMap();\nvar group = window.WPLeafletMapPlugin.getCurrentGroup();\nvar marker_options = window.WPLeafletMapPlugin.getIconOptions({\"iconUrl\":\"http:\\\/\\\/thinkingfadura.eus\\\/wp-content\\\/uploads\\\/localizacion.png\",\"iconAnchor\":\"40,60\"});\nvar marker = L.marker(\n    [43.351782,-3.000038],\n    marker_options\n);\nvar is_image = map.is_image_map;\nif (marker_options.draggable) {\n    marker.on('dragend', function () {\n        var latlng = this.getLatLng();\n        var lat = latlng.lat;\n        var lng = latlng.lng;\n        if (is_image) {\n            console.log('leaflet-marker y=' + lat + ' x=' + lng);\n        } else {\n            console.log('leaflet-marker lat=' + lat + ' lng=' + lng);\n        }\n    });\n}\nmarker.addTo( group );\nmarker.bindPopup(window.WPLeafletMapPlugin.unescape('&lt;a href=\\&quot;http:\/\/thinkingfadura.eus\/proyecto\/24\\&quot;&gt;EDIFICIO DE LAS GRADAS DE ATLETISMO Y RUGBY&lt;\/a&gt;'));window.WPLeafletMapPlugin.markers.push( marker );\n        });<\/script>\r\n<script>\nwindow.WPLeafletMapPlugin = window.WPLeafletMapPlugin || [];\nwindow.WPLeafletMapPlugin.push(function WPLeafletMarkerShortcode() {\/*<script>*\/\nvar map = window.WPLeafletMapPlugin.getCurrentMap();\nvar group = window.WPLeafletMapPlugin.getCurrentGroup();\nvar marker_options = window.WPLeafletMapPlugin.getIconOptions({\"iconUrl\":\"http:\\\/\\\/thinkingfadura.eus\\\/wp-content\\\/uploads\\\/localizacion.png\",\"iconAnchor\":\"40,60\"});\nvar marker = L.marker(\n    [43.352668,-3.000023],\n    marker_options\n);\nvar is_image = map.is_image_map;\nif (marker_options.draggable) {\n    marker.on('dragend', function () {\n        var latlng = this.getLatLng();\n        var lat = latlng.lat;\n        var lng = latlng.lng;\n        if (is_image) {\n            console.log('leaflet-marker y=' + lat + ' x=' + lng);\n        } else {\n            console.log('leaflet-marker lat=' + lat + ' lng=' + lng);\n        }\n    });\n}\nmarker.addTo( group );\nmarker.bindPopup(window.WPLeafletMapPlugin.unescape('&lt;a href=\\&quot;http:\/\/thinkingfadura.eus\/proyecto\/9\\&quot;&gt;CUBIERTA RECTA ATLETISMO&lt;\/a&gt;'));window.WPLeafletMapPlugin.markers.push( marker );\n        });<\/script>\r\n<script>\nwindow.WPLeafletMapPlugin = window.WPLeafletMapPlugin || [];\nwindow.WPLeafletMapPlugin.push(function WPLeafletMarkerShortcode() {\/*<script>*\/\nvar map = window.WPLeafletMapPlugin.getCurrentMap();\nvar group = window.WPLeafletMapPlugin.getCurrentGroup();\nvar marker_options = window.WPLeafletMapPlugin.getIconOptions({\"iconUrl\":\"http:\\\/\\\/thinkingfadura.eus\\\/wp-content\\\/uploads\\\/localizacion.png\",\"iconAnchor\":\"40,60\"});\nvar marker = L.marker(\n    [43.3491855,-2.9994571],\n    marker_options\n);\nvar is_image = map.is_image_map;\nif (marker_options.draggable) {\n    marker.on('dragend', function () {\n        var latlng = this.getLatLng();\n        var lat = latlng.lat;\n        var lng = latlng.lng;\n        if (is_image) {\n            console.log('leaflet-marker y=' + lat + ' x=' + lng);\n        } else {\n            console.log('leaflet-marker lat=' + lat + ' lng=' + lng);\n        }\n    });\n}\nmarker.addTo( group );\nmarker.bindPopup(window.WPLeafletMapPlugin.unescape('&lt;a href=\\&quot;http:\/\/thinkingfadura.eus\/proyecto\/aparcabicis\\&quot;&gt;APARCABICIS&lt;\/a&gt;'));window.WPLeafletMapPlugin.markers.push( marker );\n        });<\/script>\r\n<script>\nwindow.WPLeafletMapPlugin = window.WPLeafletMapPlugin || [];\nwindow.WPLeafletMapPlugin.push(function WPLeafletMarkerShortcode() {\/*<script>*\/\nvar map = window.WPLeafletMapPlugin.getCurrentMap();\nvar group = window.WPLeafletMapPlugin.getCurrentGroup();\nvar marker_options = window.WPLeafletMapPlugin.getIconOptions({\"iconUrl\":\"http:\\\/\\\/thinkingfadura.eus\\\/wp-content\\\/uploads\\\/localizacion.png\",\"iconAnchor\":\"40,60\"});\nvar marker = L.marker(\n    [43.3491855,-2.9994571],\n    marker_options\n);\nvar is_image = map.is_image_map;\nif (marker_options.draggable) {\n    marker.on('dragend', function () {\n        var latlng = this.getLatLng();\n        var lat = latlng.lat;\n        var lng = latlng.lng;\n        if (is_image) {\n            console.log('leaflet-marker y=' + lat + ' x=' + lng);\n        } else {\n            console.log('leaflet-marker lat=' + lat + ' lng=' + lng);\n        }\n    });\n}\nmarker.addTo( group );\nmarker.bindPopup(window.WPLeafletMapPlugin.unescape('&lt;a href=\\&quot;http:\/\/thinkingfadura.eus\/proyecto\/senderos-ciclables-y-ramificaciones-peatonales\\&quot;&gt;SENDEROS CICLABLES Y RAMIFICACIONES PEATONALES&lt;\/a&gt;'));window.WPLeafletMapPlugin.markers.push( marker );\n        });<\/script>\r\n<script>\nwindow.WPLeafletMapPlugin = window.WPLeafletMapPlugin || [];\nwindow.WPLeafletMapPlugin.push(function WPLeafletMarkerShortcode() {\/*<script>*\/\nvar map = window.WPLeafletMapPlugin.getCurrentMap();\nvar group = window.WPLeafletMapPlugin.getCurrentGroup();\nvar marker_options = window.WPLeafletMapPlugin.getIconOptions({\"iconUrl\":\"http:\\\/\\\/thinkingfadura.eus\\\/wp-content\\\/uploads\\\/localizacion.png\",\"iconAnchor\":\"40,60\"});\nvar marker = L.marker(\n    [43.348051,-2.999443],\n    marker_options\n);\nvar is_image = map.is_image_map;\nif (marker_options.draggable) {\n    marker.on('dragend', function () {\n        var latlng = this.getLatLng();\n        var lat = latlng.lat;\n        var lng = latlng.lng;\n        if (is_image) {\n            console.log('leaflet-marker y=' + lat + ' x=' + lng);\n        } else {\n            console.log('leaflet-marker lat=' + lat + ' lng=' + lng);\n        }\n    });\n}\nmarker.addTo( group );\nmarker.bindPopup(window.WPLeafletMapPlugin.unescape('&lt;a href=\\&quot;http:\/\/thinkingfadura.eus\/proyecto\/fabricacion-del-eco-mobiliario-de-la-zona-de-estudio-del-edificio-principal-de-fadura\\&quot;&gt;ECO-MOBILIARIO&lt;\/a&gt;'));window.WPLeafletMapPlugin.markers.push( marker );\n        });<\/script>\r\n<script>\nwindow.WPLeafletMapPlugin = window.WPLeafletMapPlugin || [];\nwindow.WPLeafletMapPlugin.push(function WPLeafletMarkerShortcode() {\/*<script>*\/\nvar map = window.WPLeafletMapPlugin.getCurrentMap();\nvar group = window.WPLeafletMapPlugin.getCurrentGroup();\nvar marker_options = window.WPLeafletMapPlugin.getIconOptions({\"iconUrl\":\"http:\\\/\\\/thinkingfadura.eus\\\/wp-content\\\/uploads\\\/localizacion.png\",\"iconAnchor\":\"40,60\"});\nvar marker = L.marker(\n    [43.3496755,-3.0001514],\n    marker_options\n);\nvar is_image = map.is_image_map;\nif (marker_options.draggable) {\n    marker.on('dragend', function () {\n        var latlng = this.getLatLng();\n        var lat = latlng.lat;\n        var lng = latlng.lng;\n        if (is_image) {\n            console.log('leaflet-marker y=' + lat + ' x=' + lng);\n        } else {\n            console.log('leaflet-marker lat=' + lat + ' lng=' + lng);\n        }\n    });\n}\nmarker.addTo( group );\nmarker.bindPopup(window.WPLeafletMapPlugin.unescape('&lt;a href=\\&quot;http:\/\/thinkingfadura.eus\/proyecto\/21\\&quot;&gt;NUEVO ESTADIO&lt;\/a&gt;'));window.WPLeafletMapPlugin.markers.push( marker );\n        });<\/script>\r\n<script>\nwindow.WPLeafletMapPlugin = window.WPLeafletMapPlugin || [];\nwindow.WPLeafletMapPlugin.push(function WPLeafletMarkerShortcode() {\/*<script>*\/\nvar map = window.WPLeafletMapPlugin.getCurrentMap();\nvar group = window.WPLeafletMapPlugin.getCurrentGroup();\nvar marker_options = window.WPLeafletMapPlugin.getIconOptions({\"iconUrl\":\"http:\\\/\\\/thinkingfadura.eus\\\/wp-content\\\/uploads\\\/localizacion.png\",\"iconAnchor\":\"40,60\"});\nvar marker = L.marker(\n    [43.348498,-3.000222],\n    marker_options\n);\nvar is_image = map.is_image_map;\nif (marker_options.draggable) {\n    marker.on('dragend', function () {\n        var latlng = this.getLatLng();\n        var lat = latlng.lat;\n        var lng = latlng.lng;\n        if (is_image) {\n            console.log('leaflet-marker y=' + lat + ' x=' + lng);\n        } else {\n            console.log('leaflet-marker lat=' + lat + ' lng=' + lng);\n        }\n    });\n}\nmarker.addTo( group );\nmarker.bindPopup(window.WPLeafletMapPlugin.unescape('&lt;a href=\\&quot;http:\/\/thinkingfadura.eus\/proyecto\/ordenacion-de-los-parkings-de-fadura\\&quot;&gt;ORDENACI\u00d3N DE LOS PARKINGS DE FADURA&lt;\/a&gt;'));window.WPLeafletMapPlugin.markers.push( marker );\n        });<\/script>\r\n<script>\nwindow.WPLeafletMapPlugin = window.WPLeafletMapPlugin || [];\nwindow.WPLeafletMapPlugin.push(function WPLeafletMarkerShortcode() {\/*<script>*\/\nvar map = window.WPLeafletMapPlugin.getCurrentMap();\nvar group = window.WPLeafletMapPlugin.getCurrentGroup();\nvar marker_options = window.WPLeafletMapPlugin.getIconOptions({\"iconUrl\":\"http:\\\/\\\/thinkingfadura.eus\\\/wp-content\\\/uploads\\\/localizacion.png\",\"iconAnchor\":\"40,60\"});\nvar marker = L.marker(\n    [43.348051,-2.999443],\n    marker_options\n);\nvar is_image = map.is_image_map;\nif (marker_options.draggable) {\n    marker.on('dragend', function () {\n        var latlng = this.getLatLng();\n        var lat = latlng.lat;\n        var lng = latlng.lng;\n        if (is_image) {\n            console.log('leaflet-marker y=' + lat + ' x=' + lng);\n        } else {\n            console.log('leaflet-marker lat=' + lat + ' lng=' + lng);\n        }\n    });\n}\nmarker.addTo( group );\nmarker.bindPopup(window.WPLeafletMapPlugin.unescape('&lt;a href=\\&quot;http:\/\/thinkingfadura.eus\/proyecto\/diseno-mobiliario-fadura\\&quot;&gt;DISE\u00d1O MOBILIARIO Y ESPACIOS DEL EDIFICIO CENTRAL DE FADURA&lt;\/a&gt;'));window.WPLeafletMapPlugin.markers.push( marker );\n        });<\/script>\r\n<script>\nwindow.WPLeafletMapPlugin = window.WPLeafletMapPlugin || [];\nwindow.WPLeafletMapPlugin.push(function WPLeafletMarkerShortcode() {\/*<script>*\/\nvar map = window.WPLeafletMapPlugin.getCurrentMap();\nvar group = window.WPLeafletMapPlugin.getCurrentGroup();\nvar marker_options = window.WPLeafletMapPlugin.getIconOptions({\"iconUrl\":\"http:\\\/\\\/thinkingfadura.eus\\\/wp-content\\\/uploads\\\/localizacion.png\",\"iconAnchor\":\"40,60\"});\nvar marker = L.marker(\n    [43.349729,-2.998579],\n    marker_options\n);\nvar is_image = map.is_image_map;\nif (marker_options.draggable) {\n    marker.on('dragend', function () {\n        var latlng = this.getLatLng();\n        var lat = latlng.lat;\n        var lng = latlng.lng;\n        if (is_image) {\n            console.log('leaflet-marker y=' + lat + ' x=' + lng);\n        } else {\n            console.log('leaflet-marker lat=' + lat + ' lng=' + lng);\n        }\n    });\n}\nmarker.addTo( group );\nmarker.bindPopup(window.WPLeafletMapPlugin.unescape('&lt;a href=\\&quot;http:\/\/thinkingfadura.eus\/proyecto\/12\\&quot;&gt;REHABILITACI\u00d3N DE FRONTONES&lt;\/a&gt;'));window.WPLeafletMapPlugin.markers.push( marker );\n        });<\/script>\r\n<script>\nwindow.WPLeafletMapPlugin = window.WPLeafletMapPlugin || [];\nwindow.WPLeafletMapPlugin.push(function WPLeafletMarkerShortcode() {\/*<script>*\/\nvar map = window.WPLeafletMapPlugin.getCurrentMap();\nvar group = window.WPLeafletMapPlugin.getCurrentGroup();\nvar marker_options = window.WPLeafletMapPlugin.getIconOptions({\"iconUrl\":\"http:\\\/\\\/thinkingfadura.eus\\\/wp-content\\\/uploads\\\/localizacion.png\",\"iconAnchor\":\"40,60\"});\nvar marker = L.marker(\n    [43.349176,-3.00086],\n    marker_options\n);\nvar is_image = map.is_image_map;\nif (marker_options.draggable) {\n    marker.on('dragend', function () {\n        var latlng = this.getLatLng();\n        var lat = latlng.lat;\n        var lng = latlng.lng;\n        if (is_image) {\n            console.log('leaflet-marker y=' + lat + ' x=' + lng);\n        } else {\n            console.log('leaflet-marker lat=' + lat + ' lng=' + lng);\n        }\n    });\n}\nmarker.addTo( group );\nmarker.bindPopup(window.WPLeafletMapPlugin.unescape('&lt;a href=\\&quot;http:\/\/thinkingfadura.eus\/proyecto\/5-001\\&quot;&gt;CERVECERA&lt;\/a&gt;'));window.WPLeafletMapPlugin.markers.push( marker );\n        });<\/script>\r\n<script>\nwindow.WPLeafletMapPlugin = window.WPLeafletMapPlugin || [];\nwindow.WPLeafletMapPlugin.push(function WPLeafletMarkerShortcode() {\/*<script>*\/\nvar map = window.WPLeafletMapPlugin.getCurrentMap();\nvar group = window.WPLeafletMapPlugin.getCurrentGroup();\nvar marker_options = window.WPLeafletMapPlugin.getIconOptions({\"iconUrl\":\"http:\\\/\\\/thinkingfadura.eus\\\/wp-content\\\/uploads\\\/localizacion.png\",\"iconAnchor\":\"40,60\"});\nvar marker = L.marker(\n    [43.350163,-2.999029],\n    marker_options\n);\nvar is_image = map.is_image_map;\nif (marker_options.draggable) {\n    marker.on('dragend', function () {\n        var latlng = this.getLatLng();\n        var lat = latlng.lat;\n        var lng = latlng.lng;\n        if (is_image) {\n            console.log('leaflet-marker y=' + lat + ' x=' + lng);\n        } else {\n            console.log('leaflet-marker lat=' + lat + ' lng=' + lng);\n        }\n    });\n}\nmarker.addTo( group );\nmarker.bindPopup(window.WPLeafletMapPlugin.unescape('&lt;a href=\\&quot;http:\/\/thinkingfadura.eus\/proyecto\/32\\&quot;&gt;GRADAS DE HOCKEY&lt;\/a&gt;'));window.WPLeafletMapPlugin.markers.push( marker );\n        });<\/script>\r\n<script>\nwindow.WPLeafletMapPlugin = window.WPLeafletMapPlugin || [];\nwindow.WPLeafletMapPlugin.push(function WPLeafletMarkerShortcode() {\/*<script>*\/\nvar map = window.WPLeafletMapPlugin.getCurrentMap();\nvar group = window.WPLeafletMapPlugin.getCurrentGroup();\nvar marker_options = window.WPLeafletMapPlugin.getIconOptions({\"iconUrl\":\"http:\\\/\\\/thinkingfadura.eus\\\/wp-content\\\/uploads\\\/localizacion.png\",\"iconAnchor\":\"40,60\"});\nvar marker = L.marker(\n    [43.345938,-2.998656],\n    marker_options\n);\nvar is_image = map.is_image_map;\nif (marker_options.draggable) {\n    marker.on('dragend', function () {\n        var latlng = this.getLatLng();\n        var lat = latlng.lat;\n        var lng = latlng.lng;\n        if (is_image) {\n            console.log('leaflet-marker y=' + lat + ' x=' + lng);\n        } else {\n            console.log('leaflet-marker lat=' + lat + ' lng=' + lng);\n        }\n    });\n}\nmarker.addTo( group );\nmarker.bindPopup(window.WPLeafletMapPlugin.unescape('&lt;a href=\\&quot;http:\/\/thinkingfadura.eus\/proyecto\/paseo-fluvial\\&quot;&gt;PASEO FLUVIAL&lt;\/a&gt;'));window.WPLeafletMapPlugin.markers.push( marker );\n        });<\/script>\r\n<script>\nwindow.WPLeafletMapPlugin = window.WPLeafletMapPlugin || [];\nwindow.WPLeafletMapPlugin.push(function WPLeafletMarkerShortcode() {\/*<script>*\/\nvar map = window.WPLeafletMapPlugin.getCurrentMap();\nvar group = window.WPLeafletMapPlugin.getCurrentGroup();\nvar marker_options = window.WPLeafletMapPlugin.getIconOptions({\"iconUrl\":\"http:\\\/\\\/thinkingfadura.eus\\\/wp-content\\\/uploads\\\/localizacion.png\",\"iconAnchor\":\"40,60\"});\nvar marker = L.marker(\n    [43.347664,-2.998667],\n    marker_options\n);\nvar is_image = map.is_image_map;\nif (marker_options.draggable) {\n    marker.on('dragend', function () {\n        var latlng = this.getLatLng();\n        var lat = latlng.lat;\n        var lng = latlng.lng;\n        if (is_image) {\n            console.log('leaflet-marker y=' + lat + ' x=' + lng);\n        } else {\n            console.log('leaflet-marker lat=' + lat + ' lng=' + lng);\n        }\n    });\n}\nmarker.addTo( group );\nmarker.bindPopup(window.WPLeafletMapPlugin.unescape('&lt;a href=\\&quot;http:\/\/thinkingfadura.eus\/proyecto\/26\\&quot;&gt;PISCINAS EXTERIORES&lt;\/a&gt;'));window.WPLeafletMapPlugin.markers.push( marker );\n        });<\/script>\r\n<script>\nwindow.WPLeafletMapPlugin = window.WPLeafletMapPlugin || [];\nwindow.WPLeafletMapPlugin.push(function WPLeafletMarkerShortcode() {\/*<script>*\/\nvar map = window.WPLeafletMapPlugin.getCurrentMap();\nvar group = window.WPLeafletMapPlugin.getCurrentGroup();\nvar marker_options = window.WPLeafletMapPlugin.getIconOptions({\"iconUrl\":\"http:\\\/\\\/thinkingfadura.eus\\\/wp-content\\\/uploads\\\/localizacion.png\",\"iconAnchor\":\"40,60\"});\nvar marker = L.marker(\n    [43.350243,-3.001558],\n    marker_options\n);\nvar is_image = map.is_image_map;\nif (marker_options.draggable) {\n    marker.on('dragend', function () {\n        var latlng = this.getLatLng();\n        var lat = latlng.lat;\n        var lng = latlng.lng;\n        if (is_image) {\n            console.log('leaflet-marker y=' + lat + ' x=' + lng);\n        } else {\n            console.log('leaflet-marker lat=' + lat + ' lng=' + lng);\n        }\n    });\n}\nmarker.addTo( group );\nmarker.bindPopup(window.WPLeafletMapPlugin.unescape('&lt;a href=\\&quot;http:\/\/thinkingfadura.eus\/proyecto\/reordenacion-de-pistas-multideportivas\\&quot;&gt;PISTAS MULTIDEPORTIVAS&lt;\/a&gt;'));window.WPLeafletMapPlugin.markers.push( marker );\n        });<\/script>\r\n<script>\nwindow.WPLeafletMapPlugin = window.WPLeafletMapPlugin || [];\nwindow.WPLeafletMapPlugin.push(function WPLeafletMarkerShortcode() {\/*<script>*\/\nvar map = window.WPLeafletMapPlugin.getCurrentMap();\nvar group = window.WPLeafletMapPlugin.getCurrentGroup();\nvar marker_options = window.WPLeafletMapPlugin.getIconOptions({\"iconUrl\":\"http:\\\/\\\/thinkingfadura.eus\\\/wp-content\\\/uploads\\\/localizacion.png\",\"iconAnchor\":\"40,60\"});\nvar marker = L.marker(\n    [43.349729,-2.998579],\n    marker_options\n);\nvar is_image = map.is_image_map;\nif (marker_options.draggable) {\n    marker.on('dragend', function () {\n        var latlng = this.getLatLng();\n        var lat = latlng.lat;\n        var lng = latlng.lng;\n        if (is_image) {\n            console.log('leaflet-marker y=' + lat + ' x=' + lng);\n        } else {\n            console.log('leaflet-marker lat=' + lat + ' lng=' + lng);\n        }\n    });\n}\nmarker.addTo( group );\nmarker.bindPopup(window.WPLeafletMapPlugin.unescape('&lt;a href=\\&quot;http:\/\/thinkingfadura.eus\/proyecto\/11\\&quot;&gt;REFUERZO DE LA ESTRUCTURA DE FRONTONES&lt;\/a&gt;'));window.WPLeafletMapPlugin.markers.push( marker );\n        });<\/script>\r\n<script>\nwindow.WPLeafletMapPlugin = window.WPLeafletMapPlugin || [];\nwindow.WPLeafletMapPlugin.push(function WPLeafletMarkerShortcode() {\/*<script>*\/\nvar map = window.WPLeafletMapPlugin.getCurrentMap();\nvar group = window.WPLeafletMapPlugin.getCurrentGroup();\nvar marker_options = window.WPLeafletMapPlugin.getIconOptions({\"iconUrl\":\"http:\\\/\\\/thinkingfadura.eus\\\/wp-content\\\/uploads\\\/localizacion.png\",\"iconAnchor\":\"40,60\"});\nvar marker = L.marker(\n    [43.348784,-2.999043],\n    marker_options\n);\nvar is_image = map.is_image_map;\nif (marker_options.draggable) {\n    marker.on('dragend', function () {\n        var latlng = this.getLatLng();\n        var lat = latlng.lat;\n        var lng = latlng.lng;\n        if (is_image) {\n            console.log('leaflet-marker y=' + lat + ' x=' + lng);\n        } else {\n            console.log('leaflet-marker lat=' + lat + ' lng=' + lng);\n        }\n    });\n}\nmarker.addTo( group );\nmarker.bindPopup(window.WPLeafletMapPlugin.unescape('&lt;a href=\\&quot;http:\/\/thinkingfadura.eus\/proyecto\/28\\&quot;&gt;SEGURIDAD 1\/3. MODELO DE GESTI\u00d3N&lt;\/a&gt;'));window.WPLeafletMapPlugin.markers.push( marker );\n        });<\/script>\r\n<script>\nwindow.WPLeafletMapPlugin = window.WPLeafletMapPlugin || [];\nwindow.WPLeafletMapPlugin.push(function WPLeafletMarkerShortcode() {\/*<script>*\/\nvar map = window.WPLeafletMapPlugin.getCurrentMap();\nvar group = window.WPLeafletMapPlugin.getCurrentGroup();\nvar marker_options = window.WPLeafletMapPlugin.getIconOptions({\"iconUrl\":\"http:\\\/\\\/thinkingfadura.eus\\\/wp-content\\\/uploads\\\/localizacion.png\",\"iconAnchor\":\"40,60\"});\nvar marker = L.marker(\n    [43.348784,-2.999043],\n    marker_options\n);\nvar is_image = map.is_image_map;\nif (marker_options.draggable) {\n    marker.on('dragend', function () {\n        var latlng = this.getLatLng();\n        var lat = latlng.lat;\n        var lng = latlng.lng;\n        if (is_image) {\n            console.log('leaflet-marker y=' + lat + ' x=' + lng);\n        } else {\n            console.log('leaflet-marker lat=' + lat + ' lng=' + lng);\n        }\n    });\n}\nmarker.addTo( group );\nmarker.bindPopup(window.WPLeafletMapPlugin.unescape('&lt;a href=\\&quot;http:\/\/thinkingfadura.eus\/proyecto\/6\\&quot;&gt;SEGURIDAD 2\/3. CONECTIVIDAD Y COMUNICACIONES&lt;\/a&gt;'));window.WPLeafletMapPlugin.markers.push( marker );\n        });<\/script>\r\n<script>\nwindow.WPLeafletMapPlugin = window.WPLeafletMapPlugin || [];\nwindow.WPLeafletMapPlugin.push(function WPLeafletMarkerShortcode() {\/*<script>*\/\nvar map = window.WPLeafletMapPlugin.getCurrentMap();\nvar group = window.WPLeafletMapPlugin.getCurrentGroup();\nvar marker_options = window.WPLeafletMapPlugin.getIconOptions({\"iconUrl\":\"http:\\\/\\\/thinkingfadura.eus\\\/wp-content\\\/uploads\\\/localizacion.png\",\"iconAnchor\":\"40,60\"});\nvar marker = L.marker(\n    [43.350769,-3.000098],\n    marker_options\n);\nvar is_image = map.is_image_map;\nif (marker_options.draggable) {\n    marker.on('dragend', function () {\n        var latlng = this.getLatLng();\n        var lat = latlng.lat;\n        var lng = latlng.lng;\n        if (is_image) {\n            console.log('leaflet-marker y=' + lat + ' x=' + lng);\n        } else {\n            console.log('leaflet-marker lat=' + lat + ' lng=' + lng);\n        }\n    });\n}\nmarker.addTo( group );\nmarker.bindPopup(window.WPLeafletMapPlugin.unescape('&lt;a href=\\&quot;http:\/\/thinkingfadura.eus\/proyecto\/34\\&quot;&gt;AN\u00c1LISIS DE LA CALIDAD DEL SUELO&lt;\/a&gt;'));window.WPLeafletMapPlugin.markers.push( marker );\n        });<\/script>\r\n<script>\nwindow.WPLeafletMapPlugin = window.WPLeafletMapPlugin || [];\nwindow.WPLeafletMapPlugin.push(function WPLeafletMarkerShortcode() {\/*<script>*\/\nvar map = window.WPLeafletMapPlugin.getCurrentMap();\nvar group = window.WPLeafletMapPlugin.getCurrentGroup();\nvar marker_options = window.WPLeafletMapPlugin.getIconOptions({\"iconUrl\":\"http:\\\/\\\/thinkingfadura.eus\\\/wp-content\\\/uploads\\\/localizacion.png\",\"iconAnchor\":\"40,60\"});\nvar marker = L.marker(\n    [43.348784,-2.999043],\n    marker_options\n);\nvar is_image = map.is_image_map;\nif (marker_options.draggable) {\n    marker.on('dragend', function () {\n        var latlng = this.getLatLng();\n        var lat = latlng.lat;\n        var lng = latlng.lng;\n        if (is_image) {\n            console.log('leaflet-marker y=' + lat + ' x=' + lng);\n        } else {\n            console.log('leaflet-marker lat=' + lat + ' lng=' + lng);\n        }\n    });\n}\nmarker.addTo( group );\nmarker.bindPopup(window.WPLeafletMapPlugin.unescape('&lt;a href=\\&quot;http:\/\/thinkingfadura.eus\/proyecto\/29\\&quot;&gt;SEGURIDAD Y CONECTIVIDAD&lt;\/a&gt;'));window.WPLeafletMapPlugin.markers.push( marker );\n        });<\/script>\r\n<script>\nwindow.WPLeafletMapPlugin = window.WPLeafletMapPlugin || [];\nwindow.WPLeafletMapPlugin.push(function WPLeafletMarkerShortcode() {\/*<script>*\/\nvar map = window.WPLeafletMapPlugin.getCurrentMap();\nvar group = window.WPLeafletMapPlugin.getCurrentGroup();\nvar marker_options = window.WPLeafletMapPlugin.getIconOptions({\"iconUrl\":\"http:\\\/\\\/thinkingfadura.eus\\\/wp-content\\\/uploads\\\/localizacion.png\",\"iconAnchor\":\"40,60\"});\nvar marker = L.marker(\n    [43.348784,-2.999043],\n    marker_options\n);\nvar is_image = map.is_image_map;\nif (marker_options.draggable) {\n    marker.on('dragend', function () {\n        var latlng = this.getLatLng();\n        var lat = latlng.lat;\n        var lng = latlng.lng;\n        if (is_image) {\n            console.log('leaflet-marker y=' + lat + ' x=' + lng);\n        } else {\n            console.log('leaflet-marker lat=' + lat + ' lng=' + lng);\n        }\n    });\n}\nmarker.addTo( group );\nmarker.bindPopup(window.WPLeafletMapPlugin.unescape('&lt;a href=\\&quot;http:\/\/thinkingfadura.eus\/proyecto\/31\\&quot;&gt;SE\u00d1AL\u00c9TICA&lt;\/a&gt;'));window.WPLeafletMapPlugin.markers.push( marker );\n        });<\/script>\n<p><table id=\"ptp_5a5c8cdd998272fa_2\" class=\"posts-data-table\" width=\"100%\" data-config=\"{&quot;pageLength&quot;:25,&quot;pagingType&quot;:&quot;simple_numbers&quot;,&quot;serverSide&quot;:false,&quot;autoWidth&quot;:true,&quot;clickFilter&quot;:&quot;1&quot;,&quot;scrollOffset&quot;:15,&quot;resetButton&quot;:true,&quot;lengthMenu&quot;:[[10,25,50,100,-1],[10,25,50,100,&quot;Todo&quot;]],&quot;columnDefs&quot;:[{&quot;className&quot;:&quot;col-id_proyecto&quot;,&quot;targets&quot;:0},{&quot;className&quot;:&quot;col-title&quot;,&quot;targets&quot;:1},{&quot;className&quot;:&quot;col-objetivos&quot;,&quot;targets&quot;:2},{&quot;className&quot;:&quot;col-situaciones&quot;,&quot;targets&quot;:3},{&quot;className&quot;:&quot;col-resultado&quot;,&quot;targets&quot;:4},{&quot;className&quot;:&quot;col-documentos&quot;,&quot;targets&quot;:5}],&quot;responsive&quot;:{&quot;details&quot;:{&quot;display&quot;:&quot;child_row&quot;}},&quot;language&quot;:{&quot;info&quot;:&quot;_TOTAL_ proyectos&quot;,&quot;infoEmpty&quot;:&quot;0 proyectos&quot;,&quot;emptyTable&quot;:&quot;No coincide con proyectos.&quot;,&quot;zeroRecords&quot;:&quot;No coincide con proyectos.&quot;,&quot;totalsSingle&quot;:&quot;proyecto&quot;,&quot;totalsPlural&quot;:&quot;proyectos&quot;},&quot;dom&quot;:&quot;&lt;\\&quot;posts-table-wrapper sydney\\&quot;&lt;\\&quot;posts-table-above posts-table-controls\\&quot;f&gt;t&lt;\\&quot;posts-table-below posts-table-controls\\&quot;ip&gt;&gt;&quot;}\" data-filters=\"{&quot;tax_situacin_del_proyecto&quot;:{&quot;taxonomy&quot;:&quot;situacin_del_proyecto&quot;,&quot;heading&quot;:&quot; Situaciones de los proyectos&quot;,&quot;terms&quot;:[{&quot;name&quot;:&quot;An\\u00e1lisis&quot;,&quot;slug&quot;:&quot;aztertzen&quot;},{&quot;name&quot;:&quot;Cerrado&quot;,&quot;slug&quot;:&quot;itxita&quot;},{&quot;name&quot;:&quot;En activaci\\u00f3n&quot;,&quot;slug&quot;:&quot;aktibatzen&quot;},{&quot;name&quot;:&quot;En desarrollo&quot;,&quot;slug&quot;:&quot;gauzatzen&quot;},{&quot;name&quot;:&quot;Pendiente&quot;,&quot;slug&quot;:&quot;egiteke&quot;}],&quot;searchColumn&quot;:&quot;hf_tax_situacin_del_proyecto&quot;}}\" data-order='[[4, \"asc\"]]'><thead><tr><th class=\"all\" data-name=\"cf_id_proyecto\" data-orderable=\"true\" data-searchable=\"true\" data-width=\"8%\">ID Proyecto<\/th><th data-name=\"title\" data-orderable=\"true\" data-searchable=\"true\" data-width=\"32%\" data-priority=\"1\">Nombre<\/th><th data-name=\"cf_objetivos\" data-orderable=\"true\" data-searchable=\"true\" data-width=\"42%\">Objetivos<\/th><th data-name=\"cf_situaciones\" data-orderable=\"true\" data-searchable=\"true\" data-width=\"10%\">Situaci\u00f3n<\/th><th data-name=\"cf_resultado\" data-orderable=\"true\" data-searchable=\"true\" data-width=\"8%\">Resultado priorizaci\u00f3n<\/th><th data-name=\"cf_documentos\" data-orderable=\"true\" data-searchable=\"true\">Documentos<\/th><th data-name=\"hf_tax_situacin_del_proyecto\" data-tax=\"situacin_del_proyecto\" data-searchable=\"true\" data-visible=\"false\">hf:tax:situacin_del_proyecto<\/th><\/tr><\/thead><tbody><tr id=\"post-row-111591\" class=\"post-row post-type-proyecto proyecto-111591 publish\"><td>006<\/td><td><a href=\"http:\/\/thinkingfadura.eus\/es\/proyecto\/6\/\">SEGURIDAD 2\/3. CONECTIVIDAD Y COMUNICACIONES<\/a><\/td><td>Mejorar la conectividad del parque a efectos de poder desplegar mejoras en el control de accesos, medidas de seguridad, gesti\u00f3n de datos o mejoras de eficiencia energ\u00e9tica como, por ejemplo, iluminaci\u00f3n smart... Atender al PDSC.<\/td><td>Cerrado<\/td><td>264<\/td><td><\/td><td>itxita<\/td><\/tr><tr id=\"post-row-111593\" class=\"post-row post-type-proyecto proyecto-111593 publish\"><td>009<\/td><td><a href=\"http:\/\/thinkingfadura.eus\/es\/proyecto\/9\/\">RECTA DE ATLETISMO CUBIERTA<\/a><\/td><td>Construir una nueva recta cubierta de atletismo. (Proyecto b\u00e1sico).<\/td><td>En activaci\u00f3n<\/td><td>307<\/td><td>1<\/td><td>aktibatzen<\/td><\/tr><tr id=\"post-row-111595\" class=\"post-row post-type-proyecto proyecto-111595 publish\"><td>011<\/td><td><a href=\"http:\/\/thinkingfadura.eus\/es\/proyecto\/11\/\">REFUERZO DE LA ESTRUCTURA DEL EDIFICIO DE FRONTONES<\/a><\/td><td>Reforzar la estructura del edificio para garantizar su uso con garant\u00edas de seguridad.<\/td><td>En desarrollo<\/td><td>225<\/td><td><\/td><td>gauzatzen<\/td><\/tr><tr id=\"post-row-111596\" class=\"post-row post-type-proyecto proyecto-111596 publish\"><td>012<\/td><td><a href=\"http:\/\/thinkingfadura.eus\/es\/proyecto\/12\/\">REFORMA INTEGRAL DEL EDIFICIO DE FRONTONES<\/a><\/td><td>Realizar una nueva redistribuci\u00f3n de los espacios deportivos atendiendo al anteproyecto.<\/td><td>Pendiente<\/td><td>0<\/td><td><\/td><td>egiteke<\/td><\/tr><tr id=\"post-row-111597\" class=\"post-row post-type-proyecto proyecto-111597 publish\"><td>013<\/td><td><a href=\"http:\/\/thinkingfadura.eus\/es\/proyecto\/13\/\">HERRI KIROLAK<\/a><\/td><td>Habilitar un espacio para herri kirolak.<\/td><td>En activaci\u00f3n<\/td><td>0<\/td><td><\/td><td>aktibatzen<\/td><\/tr><tr id=\"post-row-111605\" class=\"post-row post-type-proyecto proyecto-111605 publish\"><td>021<\/td><td><a href=\"http:\/\/thinkingfadura.eus\/es\/proyecto\/21\/\">ESTADIO MUNICIPAL<\/a><\/td><td>Construir el nuevo estadio municipal municipal de f\u00fatbol\/rugby.<\/td><td>En an\u00e1lisis<\/td><td>332<\/td><td><\/td><td>aztertzen<\/td><\/tr><tr id=\"post-row-111607\" class=\"post-row post-type-proyecto proyecto-111607 publish\"><td>023<\/td><td><a href=\"http:\/\/thinkingfadura.eus\/es\/proyecto\/23\/\">CAMPO DE F\u00daTBOL BOLUE 1 Y 2<\/a><\/td><td>Mejorar las instalaciones actuales en vallados, vestuarios, banquillos e iluminaci\u00f3n.<\/td><td>Pendiente<\/td><td>0<\/td><td><\/td><td>egiteke<\/td><\/tr><tr id=\"post-row-111608\" class=\"post-row post-type-proyecto proyecto-111608 publish\"><td>024<\/td><td><a href=\"http:\/\/thinkingfadura.eus\/es\/proyecto\/24\/\">TRIBUNA DE ATLETISMO, RUGBY Y VEL\u00d3DROMO<\/a><\/td><td>Redistribuir el edificio y mejorar la accesibilidad seg\u00fan anteproyecto.<\/td><td>En activaci\u00f3n<\/td><td>1285<\/td><td>1<\/td><td>aktibatzen<\/td><\/tr><tr id=\"post-row-111610\" class=\"post-row post-type-proyecto proyecto-111610 publish\"><td>026<\/td><td><a href=\"http:\/\/thinkingfadura.eus\/es\/proyecto\/26\/\">PISCINAS EXTERIORES<\/a><\/td><td>Mejorar la zona de las piscinas exteriores.<\/td><td>Pendiente<\/td><td>0<\/td><td><\/td><td>egiteke<\/td><\/tr><tr id=\"post-row-111612\" class=\"post-row post-type-proyecto proyecto-111612 publish\"><td>028<\/td><td><a href=\"http:\/\/thinkingfadura.eus\/es\/proyecto\/28\/\">SEGURIDAD 1\/3. MODELO DE GESTI\u00d3N<\/a><\/td><td>Implantar un modelo de gesti\u00f3n para la seguridad y conectividad integral seg\u00fan Plan Director de Seguridad y Conectividad.<\/td><td>Cerrado<\/td><td>2251<\/td><td><\/td><td>itxita<\/td><\/tr><tr id=\"post-row-111613\" class=\"post-row post-type-proyecto proyecto-111613 publish\"><td>029<\/td><td><a href=\"http:\/\/thinkingfadura.eus\/es\/proyecto\/29\/\">SEGURIDAD Y CONECTIVIDAD<\/a><\/td><td>Dotar al parque deportivo y sus instalaciones de un sistema integral de conectividad y seguridad.<\/td><td>En desarrollo<\/td><td>2336<\/td><td>1<\/td><td>gauzatzen<\/td><\/tr><tr id=\"post-row-111615\" class=\"post-row post-type-proyecto proyecto-111615 publish\"><td>031<\/td><td><a href=\"http:\/\/thinkingfadura.eus\/es\/proyecto\/31\/\">MANUAL DE SE\u00d1AL\u00c9TICA<\/a><\/td><td>Elaborar una normativa de uso, en cuanto a estilo de se\u00f1al\u00e9tica, materiales, etc\u00e9tera, que otorgue coherencia a las actuaciones en el parque deportivo y sus instalaciones.<\/td><td>En desarrollo<\/td><td>300<\/td><td>1<\/td><td>itxita gauzatzen<\/td><\/tr><tr id=\"post-row-111616\" class=\"post-row post-type-proyecto proyecto-111616 publish\"><td>032<\/td><td><a href=\"http:\/\/thinkingfadura.eus\/es\/proyecto\/32\/\">GRADAS HOCKEY SOBRE HIERBA<\/a><\/td><td>Incorporar grader\u00edo para la actividad de hockey sobre hierba.<\/td><td>En an\u00e1lisis<\/td><td>0<\/td><td><\/td><td>aztertzen<\/td><\/tr><tr id=\"post-row-111618\" class=\"post-row post-type-proyecto proyecto-111618 publish\"><td>034<\/td><td><a href=\"http:\/\/thinkingfadura.eus\/es\/proyecto\/34\/\">AN\u00c1LISIS DE LA CALIDAD DEL SUELO<\/a><\/td><td>Conocer el estado del suelo susceptible de an\u00e1lisis.<\/td><td>En an\u00e1lisis<\/td><td>2236<\/td><td><\/td><td>aztertzen<\/td><\/tr><tr id=\"post-row-112080\" class=\"post-row post-type-proyecto proyecto-112080 publish\"><td>017-001<\/td><td><a href=\"http:\/\/thinkingfadura.eus\/es\/proyecto\/diseno-mobiliario-fadura\/\">DISE\u00d1O MOBILIARIO Y ESPACIOS DEL EDIFICIO CENTRAL DE FADURA<\/a><\/td><td>Redise\u00f1ar el espacio y algunos elementos del mobiliario de la segunda planta del edificio principal de Fadura.<\/td><td>Cerrado<\/td><td>1329<\/td><td>3<\/td><td>itxita<\/td><\/tr><tr id=\"post-row-112424\" class=\"post-row post-type-proyecto proyecto-112424 publish\"><td>005-001<\/td><td><a href=\"http:\/\/thinkingfadura.eus\/es\/proyecto\/5-001\/\">TIKITOKI ZENTROA<\/a><\/td><td>Construir el nuevo equipamiento en la antigua cervecera.<\/td><td>Proyecto social<\/td><td>344<\/td><td>3<\/td><td>itxita<\/td><\/tr><tr id=\"post-row-112539\" class=\"post-row post-type-proyecto proyecto-112539 publish\"><td>017-002<\/td><td><a href=\"http:\/\/thinkingfadura.eus\/es\/proyecto\/fabricacion-del-eco-mobiliario-de-la-zona-de-estudio-del-edificio-principal-de-fadura\/\">ECO-MOBILIARIO<\/a><\/td><td>Fabricar elementos de mobiliario y realizar una redistribuci\u00f3n espacial de la zona de estudio del edificio central de Fadura.<\/td><td>En activaci\u00f3n<\/td><td>242<\/td><td><\/td><td>gauzatzen<\/td><\/tr><tr id=\"post-row-112543\" class=\"post-row post-type-proyecto proyecto-112543 publish\"><td>020<\/td><td><a href=\"http:\/\/thinkingfadura.eus\/es\/proyecto\/nuevo-edificio-tenis-padel\/\">NUEVO EDIFICIO DE P\u00c1DEL Y TENIS<\/a><\/td><td>Construir un nuevo edificio para la pr\u00e1ctica de tenis y p\u00e1del.<\/td><td>En activaci\u00f3n<\/td><td>311<\/td><td><\/td><td>aktibatzen<\/td><\/tr><tr id=\"post-row-112546\" class=\"post-row post-type-proyecto proyecto-112546 publish\"><td>035<\/td><td><a href=\"http:\/\/thinkingfadura.eus\/es\/proyecto\/reordenacion-de-pistas-multideportivas\/\">CANCHAS EXTERIORES MULTIDEPORTIVAS<\/a><\/td><td>Adoptar las medidas necesarias para facilitar la seguridad y el control de accesos en pistas multideporte exteriores no cubiertas.<\/td><td>En activaci\u00f3n<\/td><td>1304<\/td><td><\/td><td>aktibatzen<\/td><\/tr><tr id=\"post-row-112745\" class=\"post-row post-type-proyecto proyecto-112745 publish\"><td>018-01<\/td><td><a href=\"http:\/\/thinkingfadura.eus\/es\/proyecto\/ordenacion-de-los-parkings-de-fadura\/\">ZONAS DE APARCAMIENTO<\/a><\/td><td>Realizar una intervenci\u00f3n urban\u00edstica en las tres zonas de aparcamientos con un sistema de pavimentos blandos que se integre con el arbolado y las masas arbustivas.<\/td><td>En activaci\u00f3n<\/td><td>1239<\/td><td><\/td><td>aktibatzen<\/td><\/tr><tr id=\"post-row-112750\" class=\"post-row post-type-proyecto proyecto-112750 publish\"><td>018-02<\/td><td><a href=\"http:\/\/thinkingfadura.eus\/es\/proyecto\/espacios-al-aire-libre-centrales\/\">ORDENACI\u00d3N DE ZONAS AL AIRE LIBRE CENTRALES<\/a><\/td><td>Determinar los usos y actividades de ocio, esparcimiento y descanso, y de car\u00e1cter intergeneracional, que pudieran ubicarse en las tres zonas al aire libre principales situadas en la zona central del parque.<\/td><td>En an\u00e1lisis<\/td><td>264<\/td><td><\/td><td>aztertzen<\/td><\/tr><tr id=\"post-row-112758\" class=\"post-row post-type-proyecto proyecto-112758 publish\"><td>018-07<\/td><td><a href=\"http:\/\/thinkingfadura.eus\/es\/proyecto\/paseo-fluvial\/\">PASEO FLUVIAL<\/a><\/td><td>Naturalizar y potenciar el paseo fluvial central ampliando los accesos al mismo y mejorando los recorridos existentes en cuanto a mobiliario, pavimentaci\u00f3n, vegetaci\u00f3n fluvial, etc\u00e9tera.<\/td><td>En an\u00e1lisis<\/td><td>264<\/td><td><\/td><td>aztertzen<\/td><\/tr><tr id=\"post-row-113671\" class=\"post-row post-type-proyecto proyecto-113671 publish\"><td>018-06<\/td><td><a href=\"http:\/\/thinkingfadura.eus\/es\/proyecto\/senderos-ciclables-y-ramificaciones-peatonales\/\">SENDEROS CICLABLES Y RAMIFICACIONES PEATONALES<\/a><\/td><td>Dotar al parque deportivo de un sistema de vialidad que garantice el flujo de personas, bicicletas y patinetes en todo el recinto, y que se conecte eficientemente con el resto del municipio.<\/td><td>En an\u00e1lisis<\/td><td>264<\/td><td><\/td><td>aztertzen<\/td><\/tr><tr id=\"post-row-113686\" class=\"post-row post-type-proyecto proyecto-113686 publish\"><td>018-05<\/td><td><a href=\"http:\/\/thinkingfadura.eus\/es\/proyecto\/aparcabicis\/\">APARCABICIS<\/a><\/td><td>Desplegar sistema de aparcabicis y aparca-patinetes distribuidos y abiertos para el conjunto del parque deportivo de Fadura.<\/td><td>Cerrado<\/td><td>300<\/td><td>3<\/td><td>itxita<\/td><\/tr><\/tbody><\/table><\/p>","protected":false},"excerpt":{"rendered":"<p>A lo largo del proceso participativo se han recogido 1.879 aportaciones que, tras un proceso de s\u00edntesis, ha dado como resultado un total de 218 propuestas de actuaci\u00f3n. Atendiendo a la tipolog\u00eda de la propuesta, el 50% se refieren a actuaciones f\u00edsicas, el 30% tienen que ver con la gesti\u00f3n del parque y sus instalaciones [&hellip;]<\/p>\n","protected":false},"author":1,"featured_media":0,"parent":0,"menu_order":0,"comment_status":"closed","ping_status":"closed","template":"page-templates\/page_fullwidth.php","meta":{"_exactmetrics_skip_tracking":false,"_exactmetrics_sitenote_active":false,"_exactmetrics_sitenote_note":"","_exactmetrics_sitenote_category":0},"_links":{"self":[{"href":"http:\/\/thinkingfadura.eus\/es\/wp-json\/wp\/v2\/pages\/111291"}],"collection":[{"href":"http:\/\/thinkingfadura.eus\/es\/wp-json\/wp\/v2\/pages"}],"about":[{"href":"http:\/\/thinkingfadura.eus\/es\/wp-json\/wp\/v2\/types\/page"}],"author":[{"embeddable":true,"href":"http:\/\/thinkingfadura.eus\/es\/wp-json\/wp\/v2\/users\/1"}],"replies":[{"embeddable":true,"href":"http:\/\/thinkingfadura.eus\/es\/wp-json\/wp\/v2\/comments?post=111291"}],"version-history":[{"count":65,"href":"http:\/\/thinkingfadura.eus\/es\/wp-json\/wp\/v2\/pages\/111291\/revisions"}],"predecessor-version":[{"id":113774,"href":"http:\/\/thinkingfadura.eus\/es\/wp-json\/wp\/v2\/pages\/111291\/revisions\/113774"}],"wp:attachment":[{"href":"http:\/\/thinkingfadura.eus\/es\/wp-json\/wp\/v2\/media?parent=111291"}],"curies":[{"name":"wp","href":"https:\/\/api.w.org\/{rel}","templated":true}]}}